{"id":9029,"date":"2024-04-23T16:27:03","date_gmt":"2024-04-23T20:27:03","guid":{"rendered":"https:\/\/www.venetur.com\/?post_type=project&#038;p=9029"},"modified":"2026-04-06T16:07:15","modified_gmt":"2026-04-06T20:07:15","slug":"noticias","status":"publish","type":"project","link":"https:\/\/www.venetur.com\/index.php\/project\/noticias\/","title":{"rendered":"Noticias"},"content":{"rendered":"<p>[et_pb_section fb_built=\u00bb1&#8243; admin_label=\u00bbHero\u00bb _builder_version=\u00bb4.27.5&#8243; background_color=\u00bb#000000&#8243; use_background_color_gradient=\u00bbon\u00bb background_color_gradient_direction=\u00bb170deg\u00bb background_color_gradient_stops=\u00bb#002e4f 1%|rgba(8,70,102,0.8) 100%\u00bb background_color_gradient_overlays_image=\u00bbon\u00bb background_color_gradient_start=\u00bb#002e4f\u00bb background_color_gradient_start_position=\u00bb1%\u00bb background_color_gradient_end=\u00bbrgba(8,70,102,0.8)\u00bb background_image=\u00bbhttps:\/\/www.venetur.com\/wp-content\/uploads\/2024\/04\/IMG_20200221_120029-2-1.jpg\u00bb width_last_edited=\u00bboff|desktop\u00bb max_width_last_edited=\u00bboff|desktop\u00bb module_alignment=\u00bbleft\u00bb custom_margin=\u00bb||||false|false\u00bb custom_padding=\u00bb|||\u00bb global_colors_info=\u00bb{}\u00bb][et_pb_row _builder_version=\u00bb4.27.5&#8243; background_size=\u00bbinitial\u00bb background_position=\u00bbtop_left\u00bb background_repeat=\u00bbrepeat\u00bb custom_padding=\u00bb27px|0px|27px|0px|false|false\u00bb global_colors_info=\u00bb{}\u00bb][et_pb_column type=\u00bb4_4&#8243; _builder_version=\u00bb4.16&#8243; custom_padding=\u00bb|||\u00bb global_colors_info=\u00bb{}\u00bb custom_padding__hover=\u00bb|||\u00bb][et_pb_text _builder_version=\u00bb4.27.5&#8243; text_font=\u00bb||||||||\u00bb text_font_size=\u00bb20px\u00bb text_line_height=\u00bb1.8em\u00bb header_font=\u00bbOpen Sans|800|||||||\u00bb header_font_size=\u00bb60px\u00bb header_line_height=\u00bb1.3em\u00bb background_size=\u00bbinitial\u00bb background_position=\u00bbtop_left\u00bb background_repeat=\u00bbrepeat\u00bb background_layout=\u00bbdark\u00bb max_width=\u00bb600px\u00bb custom_margin=\u00bb|-59px||||\u00bb custom_margin_tablet=\u00bb|100px||\u00bb custom_margin_phone=\u00bb|30px||\u00bb custom_margin_last_edited=\u00bboff|desktop\u00bb header_font_size_tablet=\u00bb50px\u00bb header_font_size_phone=\u00bb40px\u00bb header_font_size_last_edited=\u00bbon|phone\u00bb header_line_height_tablet=\u00bb\u00bb header_line_height_phone=\u00bb\u00bb header_line_height_last_edited=\u00bbon|desktop\u00bb global_colors_info=\u00bb{}\u00bb]<\/p>\n<h1>Noticias<\/h1>\n<p>Venetur al D\u00eda<\/p>\n<p>[\/et_pb_text][\/et_pb_column][\/et_pb_row][\/et_pb_section][et_pb_section fb_built=\u00bb1&#8243; admin_label=\u00bbServices\u00bb _builder_version=\u00bb4.27.5&#8243; width=\u00bb100%\u00bb max_width=\u00bb100%\u00bb custom_margin=\u00bb|30px|||false|false\u00bb global_colors_info=\u00bb{}\u00bb][et_pb_row column_structure=\u00bb1_3,1_3,1_3&#8243; _builder_version=\u00bb4.16&#8243; border_radii=\u00bbon|6px|6px|6px|6px\u00bb global_colors_info=\u00bb{}\u00bb][et_pb_column type=\u00bb1_3&#8243; _builder_version=\u00bb4.16&#8243; custom_padding=\u00bb|||\u00bb global_colors_info=\u00bb{}\u00bb custom_padding__hover=\u00bb|||\u00bb][et_pb_image src=\u00bbhttps:\/\/www.venetur.com\/wp-content\/uploads\/2026\/03\/Margarita.jpg\u00bb title_text=\u00bbMargarita\u00bb url=\u00bbhttps:\/\/www.venetur.com\/index.php\/noticia-30-03-26-3\/\u00bb force_fullwidth=\u00bbon\u00bb align_tablet=\u00bbcenter\u00bb align_phone=\u00bb\u00bb align_last_edited=\u00bbon|desktop\u00bb _builder_version=\u00bb4.27.5&#8243; global_colors_info=\u00bb{}\u00bb][\/et_pb_image][et_pb_text _builder_version=\u00bb4.27.5&#8243; text_font=\u00bb||||||||\u00bb text_font_size=\u00bb16px\u00bb text_line_height=\u00bb2em\u00bb header_font=\u00bb||||||||\u00bb header_2_font=\u00bb||||||||\u00bb header_3_font=\u00bbOpen Sans|600|||||||\u00bb header_3_line_height=\u00bb1.6em\u00bb custom_margin=\u00bb||||false|false\u00bb hover_enabled=\u00bb0&#8243; global_colors_info=\u00bb{}\u00bb sticky_enabled=\u00bb0&#8243;]<\/p>\n<h3 style=\"min-height: 80px; display: flex; align-items: center; margin-bottom: 24px;\"><strong>Margarita se mantiene como el destino ideal en Semana Santa\u00a0 \u00a0 \u00a0 \u00a0 \u00a0 \u00a0 \u00a0 \u00a0 \u00a0 \u00a0 \u00a0 \u00a0 \u00a0 \u00a0 \u00a0 \u00a0 \u00a0 \u00a0 \u00a0 \u00a0 \u00a0 \u00a0 \u00a0 \u00a0 \u00a0 \u00a0 \u00a0 \u00a0 \u00a0 \u00a0 \u00a0 \u00a0 \u00a0\u00a0<\/strong><\/h3>\n<h3 style=\"min-height: 80px; display: flex; align-items: center; margin-bottom: 24px; text-align: justify;\"><strong><span style=\"font-size: 16px; text-align: justify; color: #666666; font-family: 'Open Sans', Arial, sans-serif; font-weight: 500;\"><span>Margarita 30.03.2026 se mantiene como el destino ideal en Semana Santa, contribuyendo al 20% de incremento de la actividad tur\u00edstica del estado Nueva Esparta.<\/span><\/span><\/strong><\/h3>\n<p>[\/et_pb_text][\/et_pb_column][et_pb_column type=\u00bb1_3&#8243; _builder_version=\u00bb4.16&#8243; custom_padding=\u00bb|||\u00bb global_colors_info=\u00bb{}\u00bb custom_padding__hover=\u00bb|||\u00bb][et_pb_image src=\u00bbhttps:\/\/www.venetur.com\/wp-content\/uploads\/2026\/03\/Estado-Sucre-listo-para-recibir-a-los-turistas-en-la-Semana-Santa.jpg\u00bb title_text=\u00bbEstado Sucre listo para recibir a los turistas en la Semana Santa.\u00bb url=\u00bbhttps:\/\/www.venetur.com\/index.php\/noticia-30-03-26-2\/\u00bb align_tablet=\u00bbcenter\u00bb align_phone=\u00bb\u00bb align_last_edited=\u00bbon|desktop\u00bb _builder_version=\u00bb4.27.5&#8243; global_colors_info=\u00bb{}\u00bb][\/et_pb_image][et_pb_text _builder_version=\u00bb4.27.5&#8243; text_font=\u00bb||||||||\u00bb text_font_size=\u00bb16px\u00bb text_line_height=\u00bb2em\u00bb header_font=\u00bb||||||||\u00bb header_2_font=\u00bb||||||||\u00bb header_3_font=\u00bbOpen Sans|600|||||||\u00bb header_3_line_height=\u00bb1.6em\u00bb custom_margin=\u00bb||||false|false\u00bb custom_padding=\u00bb||||false|false\u00bb hover_enabled=\u00bb0&#8243; global_colors_info=\u00bb{}\u00bb sticky_enabled=\u00bb0&#8243;]<\/p>\n<h3 style=\"min-height: 80px; display: flex; align-items: center; margin-bottom: -9px; text-align: left;\"><strong>Estado Sucre listo para recibir a los turistas en la Semana Santa\u00a0 \u00a0 \u00a0 \u00a0 \u00a0 \u00a0 \u00a0 \u00a0 \u00a0 \u00a0 \u00a0 \u00a0 \u00a0 \u00a0 \u00a0 \u00a0 \u00a0 \u00a0 \u00a0 \u00a0 \u00a0 \u00a0 \u00a0 \u00a0 \u00a0 \u00a0 \u00a0 \u00a0 \u00a0 \u00a0 \u00a0 \u00a0 \u00a0 \u00a0 \u00a0 \u00a0 \u00a0 \u00a0 \u00a0 \u00a0 \u00a0 \u00a0 \u00a0 \u00a0 \u00a0 \u00a0 \u00a0 \u00a0 \u00a0 \u00a0 \u00a0 \u00a0 \u00a0 \u00a0 \u00a0 \u00a0 \u00a0 \u00a0 \u00a0 \u00a0 \u00a0 \u00a0 \u00a0 \u00a0 \u00a0\u00a0<\/strong><\/h3>\n<p style=\"min-height: 100px; margin-bottom: 0px; text-align: justify;\"><span>Cuman\u00e1, 27.03.2026 El estado Sucre est\u00e1 listo para recibir a los turistas que se disponen a disfrutar del asueto de Semana Santa en un ambiente de sol, arena y calidez oriental.<\/span><\/p>\n<p>[\/et_pb_text][\/et_pb_column][et_pb_column type=\u00bb1_3&#8243; _builder_version=\u00bb4.16&#8243; custom_padding=\u00bb|||\u00bb global_colors_info=\u00bb{}\u00bb custom_padding__hover=\u00bb|||\u00bb][et_pb_image src=\u00bbhttps:\/\/www.venetur.com\/wp-content\/uploads\/2026\/03\/Ministra-Daniella-Cabello-promueve-turismo-cultural-en-Carabobo-con-el-festival-Ciudad-Mural.jpg\u00bb title_text=\u00bbMinistra Daniella Cabello promueve turismo cultural en Carabobo, con el festival \u201cCiudad Mural\u201d\u00bb url=\u00bbhttps:\/\/www.venetur.com\/index.php\/noticia-29-03-26\/\u00bb align_tablet=\u00bbcenter\u00bb align_phone=\u00bb\u00bb align_last_edited=\u00bbon|desktop\u00bb _builder_version=\u00bb4.27.5&#8243; global_colors_info=\u00bb{}\u00bb][\/et_pb_image][et_pb_text _builder_version=\u00bb4.27.5&#8243; text_font=\u00bb||||||||\u00bb text_font_size=\u00bb16px\u00bb text_line_height=\u00bb2em\u00bb header_font=\u00bb||||||||\u00bb header_2_font=\u00bb||||||||\u00bb header_3_font=\u00bbOpen Sans|600|||||||\u00bb header_3_line_height=\u00bb1.6em\u00bb hover_enabled=\u00bb0&#8243; global_colors_info=\u00bb{}\u00bb sticky_enabled=\u00bb0&#8243;]<\/p>\n<h3 style=\"min-height: 80px; display: flex; align-items: center; margin-bottom: 23px;\"><strong>Ministra Daniella Cabello promueve turismo cultural en Carabobo, con el festival \u201cCiudad Mural\u201d<\/strong><\/h3>\n<p style=\"text-align: justify; min-height: 100px; margin-bottom: 0;\">\u200eCaracas, 29.03.2026 (Prensa Mintur).\u2013 <span>A prop\u00f3sito del 471\u00ba aniversario de la fundaci\u00f3n de la ciudad de Valencia, la ministra de Turismo, Daniella Cabello, asisti\u00f3 a la segunda edici\u00f3n del festival \u00abCiudad Mural\u00bb<\/span>.<\/p>\n<div id=\"mas9\" style=\"display: none;\">\n<p style=\"text-align: justify;\">Ambas autoridades abordaron diversas estrategias para consolidar alianzas que permitan atraer inversi\u00f3n, promover destinos y abrir nuevas oportunidades para el desarrollo del sector. El pa\u00eds caribe\u00f1o, uno de los m\u00e1s megadiversos del mundo, atrae a turistas que optan por conocer los maravillosos paisajes naturales, variedad gastron\u00f3mica y la riqueza cultural e hist\u00f3rica.<\/p>\n<p style=\"text-align: justify;\">Desde el Gobierno Nacional que lidera la presidenta (E), Delcy Rodr\u00edguez, se dise\u00f1an planes para que la actividad tur\u00edstica se afiance como uno de los principales motores de la nueva econom\u00eda nacional y que, junto al sector privado, se enrumbe hacia el mayor crecimiento del producto Venezuela.<\/p>\n<p style=\"text-align: justify;\"><strong>Periodista:<\/strong> Aura Astudillo<\/p>\n<\/div>\n<p>&nbsp;<\/p>\n<p>[\/et_pb_text][\/et_pb_column][\/et_pb_row][et_pb_row column_structure=\u00bb1_3,1_3,1_3&#8243; _builder_version=\u00bb4.16&#8243; border_radii=\u00bbon|6px|6px|6px|6px\u00bb global_colors_info=\u00bb{}\u00bb][et_pb_column type=\u00bb1_3&#8243; _builder_version=\u00bb4.16&#8243; custom_padding=\u00bb|||\u00bb global_colors_info=\u00bb{}\u00bb custom_padding__hover=\u00bb|||\u00bb][et_pb_image src=\u00bbhttps:\/\/www.venetur.com\/wp-content\/uploads\/2026\/03\/5066633672416496468.jpg\u00bb title_text=\u00bb5066633672416496468&#8243; url=\u00bbhttps:\/\/www.venetur.com\/?page_id=13769&#038;preview=true\u00bb force_fullwidth=\u00bbon\u00bb align_tablet=\u00bbcenter\u00bb align_phone=\u00bb\u00bb align_last_edited=\u00bbon|desktop\u00bb _builder_version=\u00bb4.27.5&#8243; global_colors_info=\u00bb{}\u00bb][\/et_pb_image][et_pb_text _builder_version=\u00bb4.27.5&#8243; text_font=\u00bb||||||||\u00bb text_font_size=\u00bb16px\u00bb text_line_height=\u00bb2em\u00bb header_font=\u00bb||||||||\u00bb header_2_font=\u00bb||||||||\u00bb header_3_font=\u00bbOpen Sans|600|||||||\u00bb header_3_line_height=\u00bb1.6em\u00bb custom_margin=\u00bb||||false|false\u00bb global_colors_info=\u00bb{}\u00bb]<\/p>\n<h3 style=\"min-height: 80px; display: flex; align-items: center; margin-bottom: 24px;\"><strong>Nueva Esparta proyecta un crecimiento del 20 % de turistas durante esta temporada Semana Santa<\/strong><\/h3>\n<h3 style=\"min-height: 80px; display: flex; align-items: center; margin-bottom: 24px; text-align: justify;\"><strong><span style=\"font-size: 16px; text-align: justify; color: #666666; font-family: 'Open Sans', Arial, sans-serif; font-weight: 500;\">Caracas, 27.03.2026 (Prensa Mintur).\u2013 Este jueves 26 de marzo, durante el inicio del operativo \u00abSemana Santa Segura 2026\u00bb, la presidenta (E) de la Rep\u00fablica, Delcy Rodr\u00edguez, destac\u00f3 que el estado Nueva Esparta se consolida como el destino predilecto de los temporadistas. Indic\u00f3 que la entidad neoespartana prev\u00e9 un incremento superior al 20 % en la actividad tur\u00edstica respecto al a\u00f1o anterior.<\/span><\/strong><\/h3>\n<p>[\/et_pb_text][\/et_pb_column][et_pb_column type=\u00bb1_3&#8243; _builder_version=\u00bb4.16&#8243; custom_padding=\u00bb|||\u00bb global_colors_info=\u00bb{}\u00bb custom_padding__hover=\u00bb|||\u00bb][et_pb_image src=\u00bbhttps:\/\/www.venetur.com\/wp-content\/uploads\/2026\/03\/5066633672416496462-1.jpg\u00bb title_text=\u00bb5066633672416496462-1&#8243; url=\u00bbhttps:\/\/www.venetur.com\/?page_id=13831&#038;et_fb=1&#038;PageSpeed=off\u00bb align_tablet=\u00bbcenter\u00bb align_phone=\u00bb\u00bb align_last_edited=\u00bbon|desktop\u00bb _builder_version=\u00bb4.27.5&#8243; global_colors_info=\u00bb{}\u00bb][\/et_pb_image][et_pb_text _builder_version=\u00bb4.27.5&#8243; text_font=\u00bb||||||||\u00bb text_font_size=\u00bb16px\u00bb text_line_height=\u00bb2em\u00bb header_font=\u00bb||||||||\u00bb header_2_font=\u00bb||||||||\u00bb header_3_font=\u00bbOpen Sans|600|||||||\u00bb header_3_line_height=\u00bb1.6em\u00bb custom_margin=\u00bb||||false|false\u00bb custom_padding=\u00bb||||false|false\u00bb global_colors_info=\u00bb{}\u00bb]<\/p>\n<h3 style=\"min-height: 80px; display: flex; align-items: center; margin-bottom: -09px;\"><strong>M\u00e1s de 229 mil efectivos resguardar\u00e1n a temporadistas en Semana Santa 2026<\/strong><\/h3>\n<p><strong><\/strong><\/p>\n<p><strong><\/strong><\/p>\n<p style=\"text-align: justify; min-height: 100px; margin-bottom: 0;\">\u200e<br \/><span>Caracas, 27.03.2026 (Prensa Mintur).\u2013 Desde los espacios del Castillo San Carlos de Borromeo, en la isla de Margarita, la presidenta (E) de la Rep\u00fablica, Delcy Rodr\u00edguez, anunci\u00f3 el inicio del operativo Semana Santa Segura 2026. Esta movilizaci\u00f3n nacional contar\u00e1 con el despliegue de m\u00e1s de 229 mil efectivos de seguridad ciudadana, bomberos y Protecci\u00f3n Civil en todo el pa\u00eds.<\/span><\/p>\n<div id=\"mas8\" style=\"display: none;\">\n<p style=\"text-align: justify;\">\u200e\u201cEs un complejo que promueve el turismo sostenible en armon\u00eda y equilibrio con la naturaleza y la oportunidad de inversi\u00f3n extranjera y nacional\u201d Inform\u00f3 que m\u00e1s de 50 habitaciones est\u00e1n dise\u00f1adas para el disfrute del visitante nacional e internacional. Indic\u00f3 que el recinto hotelero contar\u00e1 con un malec\u00f3n de playa y \u00e1reas recreativas. Subray\u00f3 que este proyecto es clave para el fortalecimiento de la infraestructura del pa\u00eds.<\/p>\n<p style=\"text-align: justify;\">Por su parte, el gobernador Jos\u00e9 Alejandro Ter\u00e1n resalt\u00f3 el papel fundamental de la mano de obra venezolana y el compromiso de los empresarios locales en la consolidaci\u00f3n de este polo tur\u00edstico. \u201cGracias a los incentivos fiscales y a la visi\u00f3n estrat\u00e9gica de nuestro Gobierno Bolivariano, pero tambi\u00e9n a nuestros inversionistas guaire\u00f1os La Guaira se consolida como la joya del Caribe\u201d, enfatiz\u00f3.<\/p>\n<p style=\"text-align: justify;\">\u200eTambi\u00e9n explic\u00f3 que este desarrollo se inserta en la din\u00e1mica de la Zona Econ\u00f3mica Especial (ZEE) del litoral central, un esquema que otorga ventajas competitivas para el crecimiento sostenido. El Gobernador estima que el complejo sea inaugurado este a\u00f1o 2026, para convertirse en un referente de modernidad y hospitalidad en el centro-norte costero de Venezuela.<\/p>\n<\/div>\n<p>&nbsp;<\/p>\n<p>[\/et_pb_text][\/et_pb_column][et_pb_column type=\u00bb1_3&#8243; _builder_version=\u00bb4.16&#8243; custom_padding=\u00bb|||\u00bb global_colors_info=\u00bb{}\u00bb custom_padding__hover=\u00bb|||\u00bb][et_pb_image src=\u00bbhttps:\/\/www.venetur.com\/wp-content\/uploads\/2026\/03\/5066633672416496460.jpg\u00bb title_text=\u00bb5066633672416496460&#8243; url=\u00bbhttps:\/\/www.venetur.com\/?page_id=13846&#038;et_fb=1&#038;PageSpeed=off\u00bb align_tablet=\u00bbcenter\u00bb align_phone=\u00bb\u00bb align_last_edited=\u00bbon|desktop\u00bb _builder_version=\u00bb4.27.5&#8243; global_colors_info=\u00bb{}\u00bb][\/et_pb_image][et_pb_text _builder_version=\u00bb4.27.5&#8243; text_font=\u00bb||||||||\u00bb text_font_size=\u00bb16px\u00bb text_line_height=\u00bb2em\u00bb header_font=\u00bb||||||||\u00bb header_2_font=\u00bb||||||||\u00bb header_3_font=\u00bbOpen Sans|600|||||||\u00bb header_3_line_height=\u00bb1.6em\u00bb global_colors_info=\u00bb{}\u00bb]<\/p>\n<h3 style=\"min-height: 80px; display: flex; align-items: center; margin-bottom: 23px;\"><strong>Ministra Daniella Cabello destaca posicionamiento de Venezuela en el radar mundial<\/strong><\/h3>\n<p><strong><\/strong><\/p>\n<p><strong><\/strong><\/p>\n<p style=\"text-align: justify; min-height: 100px; margin-bottom: 0;\"><span>Caracas, 24.03.2026 (Prensa Mintur). \u2013 Tras la exitosa participaci\u00f3n de Venezuela en las vitrinas internacionales, la ministra del Poder Popular para el Turismo, Daniella Cabello, present\u00f3 un balance de los resultados en las ferias Anato en Bogot\u00e1, ITB de Berl\u00edn y la MITT en Mosc\u00fa. Resalt\u00f3 que estos encuentros consolidan al pa\u00eds como un destino de alta competitividad ante el mundo.<\/span><\/p>\n<div id=\"mas9\" style=\"display: none;\">\n<p style=\"text-align: justify;\">Ambas autoridades abordaron diversas estrategias para consolidar alianzas que permitan atraer inversi\u00f3n, promover destinos y abrir nuevas oportunidades para el desarrollo del sector. El pa\u00eds caribe\u00f1o, uno de los m\u00e1s megadiversos del mundo, atrae a turistas que optan por conocer los maravillosos paisajes naturales, variedad gastron\u00f3mica y la riqueza cultural e hist\u00f3rica.<\/p>\n<p style=\"text-align: justify;\">Desde el Gobierno Nacional que lidera la presidenta (E), Delcy Rodr\u00edguez, se dise\u00f1an planes para que la actividad tur\u00edstica se afiance como uno de los principales motores de la nueva econom\u00eda nacional y que, junto al sector privado, se enrumbe hacia el mayor crecimiento del producto Venezuela.<\/p>\n<p style=\"text-align: justify;\"><strong>Periodista:<\/strong> Aura Astudillo<\/p>\n<\/div>\n<p>&nbsp;<\/p>\n<p>[\/et_pb_text][\/et_pb_column][\/et_pb_row][et_pb_row column_structure=\u00bb1_3,1_3,1_3&#8243; _builder_version=\u00bb4.16&#8243; border_radii=\u00bbon|6px|6px|6px|6px\u00bb global_colors_info=\u00bb{}\u00bb][et_pb_column type=\u00bb1_3&#8243; _builder_version=\u00bb4.16&#8243; custom_padding=\u00bb|||\u00bb global_colors_info=\u00bb{}\u00bb custom_padding__hover=\u00bb|||\u00bb][et_pb_image src=\u00bbhttps:\/\/www.venetur.com\/wp-content\/uploads\/2026\/03\/5066633672416496459.jpg\u00bb title_text=\u00bb5066633672416496459&#8243; url=\u00bbhttps:\/\/www.venetur.com\/index.php\/noticia-pn-morrocoy\/\u00bb force_fullwidth=\u00bbon\u00bb align_tablet=\u00bbcenter\u00bb align_phone=\u00bb\u00bb align_last_edited=\u00bbon|desktop\u00bb _builder_version=\u00bb4.27.5&#8243; global_colors_info=\u00bb{}\u00bb][\/et_pb_image][et_pb_text _builder_version=\u00bb4.27.5&#8243; text_font=\u00bb||||||||\u00bb text_font_size=\u00bb16px\u00bb text_line_height=\u00bb2em\u00bb header_font=\u00bb||||||||\u00bb header_2_font=\u00bb||||||||\u00bb header_3_font=\u00bbOpen Sans|600|||||||\u00bb header_3_line_height=\u00bb1.6em\u00bb custom_margin=\u00bb||||false|false\u00bb global_colors_info=\u00bb{}\u00bb]<\/p>\n<h3 style=\"min-height: 80px; display: flex; align-items: center; margin-bottom: 24px;\"><strong>Gobierno Bolivariano garantiza el resguardo de los espacios en el PN Morrocoy<\/strong><\/h3>\n<p style=\"text-align: justify; min-height: 100px; margin-bottom: 0;\"><span>Caracas, 24.03.2026 (Prensa Mintur).\u2013 Con el objetivo de fortalecer la seguridad y la preservaci\u00f3n del Parque Nacional Morrocoy, este martes se llev\u00f3 a cabo una mesa de trabajo encabezada por la ministra de Turismo, Daniella Cabello, el gobernador de Falc\u00f3n, V\u00edctor Clark y la presidenta de Inparques Rosa In\u00e9s Ch\u00e1vez. El encuentro permiti\u00f3 articular el plan integral y de atenci\u00f3n ciudadana durante el asueto de Semana Santa.<\/span><\/p>\n<div id=\"mas7\" style=\"display: none;\">\n<p style=\"text-align: justify;\">La representaci\u00f3n nacional integrada por el viceministro de Turismo Internacional, Marcos Medina, y la presidenta de Venezolana de Turismo (Venetur), Dheliz \u00c1lvarez, participaron en una videoconferencia con Nana Gvichia, vicepresidenta del Comit\u00e9 para el Desarrollo del Turismo de San Petersburgo. El objetivo del encuentro es consolidar la presencia de Venezuela en la \u00abCapital del Norte\u00bb de Rusia.<\/p>\n<p style=\"text-align: justify;\">En la reuni\u00f3n se abord\u00f3 la instalaci\u00f3n de una oficina de Venetur en San Petersburgo, adem\u00e1s la activaci\u00f3n de nuevas rutas a\u00e9reas para atraer m\u00e1s turistas rusos. Tambi\u00e9n se evalu\u00f3 el lanzamiento de \u00abFam Trips\u00bb (viajes de familiarizaci\u00f3n) para blogueros internacionales y operadores tur\u00edsticos venezolanos que visiten la ciudad de San Peterburgo. Igualmente se prev\u00e9 la participaci\u00f3n de la naci\u00f3n caribe\u00f1a, en los pr\u00f3ximos foros internacionales de turismo en el pa\u00eds euroasi\u00e1tico.<\/p>\n<\/div>\n<p>&nbsp;<\/p>\n<p>[\/et_pb_text][\/et_pb_column][et_pb_column type=\u00bb1_3&#8243; _builder_version=\u00bb4.16&#8243; custom_padding=\u00bb|||\u00bb global_colors_info=\u00bb{}\u00bb custom_padding__hover=\u00bb|||\u00bb][et_pb_image src=\u00bbhttps:\/\/www.venetur.com\/wp-content\/uploads\/2026\/03\/5064381872602811367.jpg\u00bb title_text=\u00bb5064381872602811367&#8243; url=\u00bbhttps:\/\/www.venetur.com\/?page_id=13841&#038;et_fb=1&#038;PageSpeed=off\u00bb align_tablet=\u00bbcenter\u00bb align_phone=\u00bb\u00bb align_last_edited=\u00bbon|desktop\u00bb _builder_version=\u00bb4.27.5&#8243; global_colors_info=\u00bb{}\u00bb][\/et_pb_image][et_pb_text _builder_version=\u00bb4.27.5&#8243; text_font=\u00bb||||||||\u00bb text_font_size=\u00bb16px\u00bb text_line_height=\u00bb2em\u00bb header_font=\u00bb||||||||\u00bb header_2_font=\u00bb||||||||\u00bb header_3_font=\u00bbOpen Sans|600|||||||\u00bb header_3_line_height=\u00bb1.6em\u00bb custom_margin=\u00bb||||false|false\u00bb custom_padding=\u00bb||||false|false\u00bb global_colors_info=\u00bb{}\u00bb]<\/p>\n<h3 style=\"min-height: 80px; display: flex; align-items: center; margin-bottom: -09px;\"><strong>Certifican a m\u00e1s de 490 PST y brigadistas en Morrocoy<\/strong><\/h3>\n<p><strong><\/strong><\/p>\n<p style=\"text-align: justify; min-height: 100px; margin-bottom: 0;\">\u200e<br \/><span>Caracas, 24.03.2026 (Prensa Mintur).\u2013 Como parte de las acciones para optimizar la atenci\u00f3n en los principales atractivos naturales de Falc\u00f3n, la ministra del Poder Popular para el Turismo, Daniella Cabello, certific\u00f3 este martes a 492 Prestadores de Servicio Tur\u00edstico (PST) y brigadistas de Morrocoy. A trav\u00e9s de un plan formativo, se abordaron temas relacionados a la calidad del servicio, sensibilizaci\u00f3n ambiental y desarrollo socioproductivo local.<\/span><\/p>\n<div id=\"mas8\" style=\"display: none;\">\n<p style=\"text-align: justify;\">\u200e\u201cEs un complejo que promueve el turismo sostenible en armon\u00eda y equilibrio con la naturaleza y la oportunidad de inversi\u00f3n extranjera y nacional\u201d Inform\u00f3 que m\u00e1s de 50 habitaciones est\u00e1n dise\u00f1adas para el disfrute del visitante nacional e internacional. Indic\u00f3 que el recinto hotelero contar\u00e1 con un malec\u00f3n de playa y \u00e1reas recreativas. Subray\u00f3 que este proyecto es clave para el fortalecimiento de la infraestructura del pa\u00eds.<\/p>\n<p style=\"text-align: justify;\">Por su parte, el gobernador Jos\u00e9 Alejandro Ter\u00e1n resalt\u00f3 el papel fundamental de la mano de obra venezolana y el compromiso de los empresarios locales en la consolidaci\u00f3n de este polo tur\u00edstico. \u201cGracias a los incentivos fiscales y a la visi\u00f3n estrat\u00e9gica de nuestro Gobierno Bolivariano, pero tambi\u00e9n a nuestros inversionistas guaire\u00f1os La Guaira se consolida como la joya del Caribe\u201d, enfatiz\u00f3.<\/p>\n<p style=\"text-align: justify;\">\u200eTambi\u00e9n explic\u00f3 que este desarrollo se inserta en la din\u00e1mica de la Zona Econ\u00f3mica Especial (ZEE) del litoral central, un esquema que otorga ventajas competitivas para el crecimiento sostenido. El Gobernador estima que el complejo sea inaugurado este a\u00f1o 2026, para convertirse en un referente de modernidad y hospitalidad en el centro-norte costero de Venezuela.<\/p>\n<\/div>\n<p>&nbsp;<\/p>\n<p>[\/et_pb_text][\/et_pb_column][et_pb_column type=\u00bb1_3&#8243; _builder_version=\u00bb4.16&#8243; custom_padding=\u00bb|||\u00bb global_colors_info=\u00bb{}\u00bb custom_padding__hover=\u00bb|||\u00bb][et_pb_image src=\u00bbhttps:\/\/www.venetur.com\/wp-content\/uploads\/2026\/03\/5064381872602811364.jpg\u00bb title_text=\u00bb5064381872602811364&#8243; url=\u00bbhttps:\/\/www.venetur.com\/?page_id=13965&#038;et_fb=1&#038;PageSpeed=off\u00bb align_tablet=\u00bbcenter\u00bb align_phone=\u00bb\u00bb align_last_edited=\u00bbon|desktop\u00bb _builder_version=\u00bb4.27.5&#8243; global_colors_info=\u00bb{}\u00bb][\/et_pb_image][et_pb_text _builder_version=\u00bb4.27.5&#8243; text_font=\u00bb||||||||\u00bb text_font_size=\u00bb16px\u00bb text_line_height=\u00bb2em\u00bb header_font=\u00bb||||||||\u00bb header_2_font=\u00bb||||||||\u00bb header_3_font=\u00bbOpen Sans|600|||||||\u00bb header_3_line_height=\u00bb1.6em\u00bb global_colors_info=\u00bb{}\u00bb]<\/p>\n<h3 style=\"min-height: 80px; display: flex; align-items: center; margin-bottom: 23px;\"><strong>Crucero italiano incorpora a Margarita en su oferta tur\u00edstica<\/strong><\/h3>\n<p><strong><\/strong><\/p>\n<p style=\"text-align: justify; min-height: 100px; margin-bottom: 0;\"><span>Caracas, 23.03.2026 (Prensa Mintur)- . MSC Cruceros, la tercera operadora naviera m\u00e1s importante del mundo, agreg\u00f3 a la isla de Margarita a su inventario de destinos internacionales. Esta compa\u00f1\u00eda italiana, que ha recorrido m\u00e1s de 100 pa\u00edses y 300 destinos, habilit\u00f3 en su portal web una gu\u00eda que destaca las bondades del estado Nueva Esparta, para incluirla en el mapa del turismo de alta gama.<\/span><span><\/span><\/p>\n<p>[\/et_pb_text][\/et_pb_column][\/et_pb_row][et_pb_row column_structure=\u00bb1_3,1_3,1_3&#8243; _builder_version=\u00bb4.16&#8243; border_radii=\u00bbon|6px|6px|6px|6px\u00bb global_colors_info=\u00bb{}\u00bb][et_pb_column type=\u00bb1_3&#8243; _builder_version=\u00bb4.16&#8243; custom_padding=\u00bb|||\u00bb global_colors_info=\u00bb{}\u00bb custom_padding__hover=\u00bb|||\u00bb][et_pb_image src=\u00bbhttps:\/\/www.venetur.com\/wp-content\/uploads\/2026\/03\/5064381872602811363.jpg\u00bb title_text=\u00bb5064381872602811363&#8243; url=\u00bbhttps:\/\/www.venetur.com\/?page_id=13870&#038;et_fb=1&#038;PageSpeed=off\u00bb force_fullwidth=\u00bbon\u00bb align_tablet=\u00bbcenter\u00bb align_phone=\u00bb\u00bb align_last_edited=\u00bbon|desktop\u00bb _builder_version=\u00bb4.27.5&#8243; global_colors_info=\u00bb{}\u00bb][\/et_pb_image][et_pb_text _builder_version=\u00bb4.27.5&#8243; text_font=\u00bb||||||||\u00bb text_font_size=\u00bb16px\u00bb text_line_height=\u00bb2em\u00bb header_font=\u00bb||||||||\u00bb header_2_font=\u00bb||||||||\u00bb header_3_font=\u00bbOpen Sans|600|||||||\u00bb header_3_line_height=\u00bb1.6em\u00bb custom_margin=\u00bb||||false|false\u00bb global_colors_info=\u00bb{}\u00bb]<\/p>\n<h3 style=\"min-height: 80px; display: flex; align-items: center; margin-bottom: 24px;\"><strong>Miles de turistas celebraron al ritmo del joropo las fiestas de Elorza<\/strong><\/h3>\n<p style=\"text-align: justify; min-height: 100px; margin-bottom: 0;\"><span>Apure, 20.03.2026 (Prensa Mintur)-. M\u00e1s de 35 mil turistas colmaron la poblaci\u00f3n de Elorza para celebrar sus fiestas patronales y el tradicional D\u00eda de la Elorzanidad. Este encuentro unific\u00f3 elementos hist\u00f3ricos y sociales que reflejan la esencia del llano apure\u00f1o en un ambiente de paz y sana convivencia ciudadana. Con estas actividades el Ministerio del Poder Popular para el Turismo, impulsa el corredor binacional con Colombia para potenciar la actividad comercial, el flujo de turistas y dinamizar econom\u00eda entre ambas nacional.<\/span><\/p>\n<div id=\"mas7\" style=\"display: none;\">\n<p style=\"text-align: justify;\">La representaci\u00f3n nacional integrada por el viceministro de Turismo Internacional, Marcos Medina, y la presidenta de Venezolana de Turismo (Venetur), Dheliz \u00c1lvarez, participaron en una videoconferencia con Nana Gvichia, vicepresidenta del Comit\u00e9 para el Desarrollo del Turismo de San Petersburgo. El objetivo del encuentro es consolidar la presencia de Venezuela en la \u00abCapital del Norte\u00bb de Rusia.<\/p>\n<p style=\"text-align: justify;\">En la reuni\u00f3n se abord\u00f3 la instalaci\u00f3n de una oficina de Venetur en San Petersburgo, adem\u00e1s la activaci\u00f3n de nuevas rutas a\u00e9reas para atraer m\u00e1s turistas rusos. Tambi\u00e9n se evalu\u00f3 el lanzamiento de \u00abFam Trips\u00bb (viajes de familiarizaci\u00f3n) para blogueros internacionales y operadores tur\u00edsticos venezolanos que visiten la ciudad de San Peterburgo. Igualmente se prev\u00e9 la participaci\u00f3n de la naci\u00f3n caribe\u00f1a, en los pr\u00f3ximos foros internacionales de turismo en el pa\u00eds euroasi\u00e1tico.<\/p>\n<\/div>\n<p>&nbsp;<\/p>\n<p>[\/et_pb_text][\/et_pb_column][et_pb_column type=\u00bb1_3&#8243; _builder_version=\u00bb4.16&#8243; custom_padding=\u00bb|||\u00bb global_colors_info=\u00bb{}\u00bb custom_padding__hover=\u00bb|||\u00bb][et_pb_image src=\u00bbhttps:\/\/www.venetur.com\/wp-content\/uploads\/2026\/03\/Avanza-trabajos-en-Complejo-Turistico-Camuri-Mar-en-La-Guaira.jpg\u00bb title_text=\u00bbAvanza trabajos en Complejo Tur\u00edstico Camur\u00ed Mar en La Guaira\u00bb url=\u00bbhttps:\/\/www.venetur.com\/?page_id=13884&#038;et_fb=1&#038;PageSpeed=off\u00bb align_tablet=\u00bbcenter\u00bb align_phone=\u00bb\u00bb align_last_edited=\u00bbon|desktop\u00bb _builder_version=\u00bb4.27.5&#8243; global_colors_info=\u00bb{}\u00bb][\/et_pb_image][et_pb_text _builder_version=\u00bb4.27.5&#8243; text_font=\u00bb||||||||\u00bb text_font_size=\u00bb16px\u00bb text_line_height=\u00bb2em\u00bb header_font=\u00bb||||||||\u00bb header_2_font=\u00bb||||||||\u00bb header_3_font=\u00bbOpen Sans|600|||||||\u00bb header_3_line_height=\u00bb1.6em\u00bb custom_margin=\u00bb||||false|false\u00bb custom_padding=\u00bb||||false|false\u00bb global_colors_info=\u00bb{}\u00bb]<\/p>\n<h3 style=\"min-height: 80px; display: flex; align-items: center; margin-bottom: -09px;\"><strong>Avanza trabajos en Complejo Tur\u00edstico Camur\u00ed Mar en La Guaira<br \/><\/strong><\/h3>\n<p style=\"text-align: justify; min-height: 100px; margin-bottom: 0;\">\u200e<span>Caracas, 17 de marzo de 2026 (Prensa Mintur).\u2013 Con el firme prop\u00f3sito de dinamizar el aparato productivo nacional a trav\u00e9s de la inversi\u00f3n privada y p\u00fablica, la ministra del Poder Popular para el Turismo, Daniella Cabello, junto al gobernador del estado La Guaira, Jos\u00e9 Alejandro Ter\u00e1n, constat\u00f3 los avances de los trabajos en el complejo tur\u00edstico Camur\u00ed Mar, del litoral central. Cabello destac\u00f3 el impacto socioecon\u00f3mico que tendr\u00e1 esta obra para la regi\u00f3n costera, que genera m\u00e1s de 300 empleos.<\/span><\/p>\n<p>[\/et_pb_text][\/et_pb_column][et_pb_column type=\u00bb1_3&#8243; _builder_version=\u00bb4.16&#8243; custom_padding=\u00bb|||\u00bb global_colors_info=\u00bb{}\u00bb custom_padding__hover=\u00bb|||\u00bb][et_pb_image src=\u00bbhttps:\/\/www.venetur.com\/wp-content\/uploads\/2026\/03\/Venezuela-y-Alemania-evaluan-cooperacion-en-materia-turistica.jpg\u00bb title_text=\u00bbVenezuela y Alemania eval\u00faan cooperaci\u00f3n en materia tur\u00edstica\u00bb url=\u00bbhttps:\/\/www.venetur.com\/?page_id=13891&#038;et_fb=1&#038;PageSpeed=off\u00bb align_tablet=\u00bbcenter\u00bb align_phone=\u00bb\u00bb align_last_edited=\u00bbon|desktop\u00bb _builder_version=\u00bb4.27.5&#8243; global_colors_info=\u00bb{}\u00bb][\/et_pb_image][et_pb_text _builder_version=\u00bb4.27.5&#8243; text_font=\u00bb||||||||\u00bb text_font_size=\u00bb16px\u00bb text_line_height=\u00bb2em\u00bb header_font=\u00bb||||||||\u00bb header_2_font=\u00bb||||||||\u00bb header_3_font=\u00bbOpen Sans|600|||||||\u00bb header_3_line_height=\u00bb1.6em\u00bb global_colors_info=\u00bb{}\u00bb]<\/p>\n<h3 style=\"min-height: 80px; display: flex; align-items: center; margin-bottom: 23px;\"><strong>Venezuela y Alemania eval\u00faan cooperaci\u00f3n en materia tur\u00edstica<\/strong><\/h3>\n<p style=\"text-align: justify; min-height: 100px; margin-bottom: 0;\"><span>Caracas, 17.03.2026 (Prensa Mintur).- Este lunes 16 de marzo, la ministra del Poder Popular para el Turismo, Daniella Cabello, sostuvo un encuentro con el excelent\u00edsimo Embajador de la Rep\u00fablica Federal de Alemania, Volker Pellet, con el objetivo de fortalecer la cooperaci\u00f3n bilateral en materia tur\u00edstica. Este contacto, potenciar\u00e1 y ampliar\u00e1 las visitas del mercado europeo.<\/span><\/p>\n<p style=\"text-align: justify; min-height: 100px; margin-bottom: 0;\">[\/et_pb_text][\/et_pb_column][\/et_pb_row][et_pb_row column_structure=\u00bb1_3,1_3,1_3&#8243; _builder_version=\u00bb4.16&#8243; border_radii=\u00bbon|6px|6px|6px|6px\u00bb global_colors_info=\u00bb{}\u00bb][et_pb_column type=\u00bb1_3&#8243; _builder_version=\u00bb4.16&#8243; custom_padding=\u00bb|||\u00bb global_colors_info=\u00bb{}\u00bb custom_padding__hover=\u00bb|||\u00bb][et_pb_image src=\u00bbhttps:\/\/www.venetur.com\/wp-content\/uploads\/2026\/03\/Venezuela-consolida-alianzas-comerciales-con-San-Petersburgo.jpg\u00bb title_text=\u00bbVenezuela consolida alianzas comerciales con San Petersburgo\u00bb url=\u00bbhttps:\/\/www.venetur.com\/?page_id=13898&#038;et_fb=1&#038;PageSpeed=off\u00bb align_tablet=\u00bbcenter\u00bb align_phone=\u00bb\u00bb align_last_edited=\u00bbon|desktop\u00bb _builder_version=\u00bb4.27.5&#8243; global_colors_info=\u00bb{}\u00bb][\/et_pb_image][et_pb_text _builder_version=\u00bb4.27.5&#8243; text_font=\u00bb||||||||\u00bb text_font_size=\u00bb16px\u00bb text_line_height=\u00bb2em\u00bb header_font=\u00bb||||||||\u00bb header_2_font=\u00bb||||||||\u00bb header_3_font=\u00bbOpen Sans|600|||||||\u00bb header_3_line_height=\u00bb1.6em\u00bb global_colors_info=\u00bb{}\u00bb]<\/p>\n<h3 style=\"min-height: 80px; display: flex; align-items: center; margin-bottom: 15px;\"><strong>Venezuela consolida alianzas comerciales con San Petersburgo<\/strong><\/h3>\n<p style=\"text-align: justify; min-height: 100px; margin-bottom: 0;\"><span>Caracas; 13.03.2026 (Prensa Venetur).- La delegaci\u00f3n de Venezuela desarrolla una importante agenda de trabajo en la Exposici\u00f3n Internacional de Viajes y Turismo de Mosc\u00fa (MITT Mosc\u00fa 2026), donde se consolid\u00f3 una alianza, de alto nivel, con San Petersburgo. Este encuentro cumple instrucciones de la presidenta (E) Delcy Rodr\u00edguez y la ministra de Turismo Daniella Cabello, con la intenci\u00f3n de continuar afianzando el Plan Estrat\u00e9gico que posiciona al pa\u00eds, en el mundo.<\/span><\/p>\n<p>[\/et_pb_text][\/et_pb_column][et_pb_column type=\u00bb1_3&#8243; _builder_version=\u00bb4.16&#8243; custom_padding=\u00bb|||\u00bb global_colors_info=\u00bb{}\u00bb custom_padding__hover=\u00bb|||\u00bb][et_pb_image src=\u00bbhttps:\/\/www.venetur.com\/wp-content\/uploads\/2026\/03\/PST-de-Falcon-elevan-estandares-de-calidad-y-servicio.jpg\u00bb title_text=\u00bbPST de Falc\u00f3n elevan est\u00e1ndares de calidad y servicio\u00bb url=\u00bbhttps:\/\/www.venetur.com\/index.php\/noticia-pst-falcon\/\u00bb align_tablet=\u00bbcenter\u00bb align_phone=\u00bb\u00bb align_last_edited=\u00bbon|desktop\u00bb _builder_version=\u00bb4.27.5&#8243; global_colors_info=\u00bb{}\u00bb][\/et_pb_image][et_pb_text _builder_version=\u00bb4.27.5&#8243; text_font=\u00bb||||||||\u00bb text_font_size=\u00bb16px\u00bb text_line_height=\u00bb2em\u00bb header_font=\u00bb||||||||\u00bb header_2_font=\u00bb||||||||\u00bb header_3_font=\u00bbOpen Sans|600|||||||\u00bb header_3_line_height=\u00bb1.6em\u00bb custom_margin=\u00bb||||false|false\u00bb custom_padding=\u00bb||||false|false\u00bb global_colors_info=\u00bb{}\u00bb]<\/p>\n<h3 style=\"min-height: 80px; display: flex; align-items: center; margin-bottom: 15px;\"><strong>PST de Falc\u00f3n elevan est\u00e1ndares de calidad y servicio<\/strong><\/h3>\n<p style=\"text-align: justify; min-height: 100px; margin-bottom: 0;\">\u200e<br \/><span>Caracas, 10.03.2026 (Prensa Mintur). \u2013 Con el objetivo de optimizar la atenci\u00f3n en los principales atractivos naturales de Falc\u00f3n, los ministerios de Turismo y Ecosocialismo, junto a Inparques, ejecutan un plan de formaci\u00f3n dirigido a Prestadores de Servicio Tur\u00edstico (PST) de la entidad. La iniciativa busca consolidar un modelo de turismo sostenible en la regi\u00f3n.<\/span><\/p>\n<div id=\"mas2\" style=\"display: none;\">\n<p style=\"text-align: justify;\">\u200eLa parada t\u00e9cnica, en su segunda fase busca la optimizaci\u00f3n de los componentes electromec\u00e1nicos con ajustes de 4to y 5to nivel que incluye el mantenimiento de motores, reductores y frenos, elementos cruciales para la circulaci\u00f3n eficiente de las cabinas. Esta etapa de prevenci\u00f3n permite alargar la vida \u00fatil de las maquinarias.<\/p>\n<p style=\"text-align: justify;\">\u200eEstas maniobras que ejecuta el Gobierno Nacional a trav\u00e9s de la gesti\u00f3n de la ministra de Turismo, Daniella Cabello se integran al plan de transformaci\u00f3n y cuidado de los activos tur\u00edsticos. De esta manera se garantiza seguridad, calidad y excelencia para el disfrute de propios y visitantes.<\/p>\n<p style=\"text-align: justify;\"><strong>Periodista:<\/strong> Gabriela Vivas<\/p>\n<\/div>\n<p>&nbsp;<\/p>\n<p>[\/et_pb_text][\/et_pb_column][et_pb_column type=\u00bb1_3&#8243; _builder_version=\u00bb4.16&#8243; custom_padding=\u00bb|||\u00bb global_colors_info=\u00bb{}\u00bb custom_padding__hover=\u00bb|||\u00bb][et_pb_image src=\u00bbhttps:\/\/www.venetur.com\/wp-content\/uploads\/2026\/03\/Gobierno-Nacional-promueve-turismo-sostenible-en-Morrocoy.jpg\u00bb title_text=\u00bbGobierno Nacional promueve turismo sostenible en Morrocoy\u00bb url=\u00bbhttps:\/\/www.venetur.com\/?page_id=13917&#038;et_fb=1&#038;PageSpeed=off\u00bb align_tablet=\u00bbcenter\u00bb align_phone=\u00bb\u00bb align_last_edited=\u00bbon|desktop\u00bb _builder_version=\u00bb4.27.5&#8243; global_colors_info=\u00bb{}\u00bb][\/et_pb_image][et_pb_text _builder_version=\u00bb4.27.5&#8243; text_font=\u00bb||||||||\u00bb text_font_size=\u00bb16px\u00bb text_line_height=\u00bb2em\u00bb header_font=\u00bb||||||||\u00bb header_2_font=\u00bb||||||||\u00bb header_3_font=\u00bbOpen Sans|600|||||||\u00bb header_3_line_height=\u00bb1.6em\u00bb custom_margin=\u00bb||||false|false\u00bb custom_padding=\u00bb||||false|false\u00bb global_colors_info=\u00bb{}\u00bb]<\/p>\n<h3 style=\"min-height: 80px; display: flex; align-items: center; margin-bottom: 15px;\"><strong>Gobierno Nacional promueve turismo sostenible en Morrocoy<\/strong><\/h3>\n<p style=\"text-align: justify; min-height: 100px; margin-bottom: 0;\">\u200e<br \/><span>Caracas, 09.03.2026 (Prensa Mintur).- Con el objetivo de garantizar los servicios en el parque nacional Morrocoy, este viernes 06 de marzo, la ministra del Poder Popular para el Turismo, Daniella Cabello, sostuvo un encuentro con Prestadores de Servicios y autoridades del estado Falc\u00f3n. En esta asamblea se establecieron estrategias para el desarrollo de un turismo sustentable.<\/span><\/p>\n<div id=\"mas5\" style=\"display: none;\">\n<p style=\"text-align: justify;\">\u200eEn compa\u00f1\u00eda del gobernador V\u00edctor Clark, la presidenta del Instituto Nacional de Parques Rosin\u00e9s Ch\u00e1vez, y el presidente del Instituto Nacional de los Espacios Acu\u00e1ticos (INEA), Germ\u00e1n G\u00f3mez L\u00e1rez, se instal\u00f3 una mesa de trabajo para asegurar que cada acci\u00f3n, se traduzca en bienestar para el visitante, protecci\u00f3n del ambiente y desarrollo econ\u00f3mico en este eje costero. \u201cHemos venido organizando estas reuniones para intercambiar experiencias y necesidades que tienen nuestros Prestadores de Servicios Tur\u00edsticos (PST), es la primera vez que vemos a tantas instituciones p\u00fablicas dispuestas a sumarse por un turismo en equilibrio con el disfrute y el derecho a la recreaci\u00f3n y la necesidad de la preservaci\u00f3n del medio ambiente\u201d, explic\u00f3 Cabello.<\/p>\n<p style=\"text-align: justify;\">En este contexto, la titular de la cartera tur\u00edstica asegur\u00f3 que el Parque Nacional Morrocoy estar\u00e1 abierto a los turistas, \u201cvengan a conocerlo pero con conciencia ambiental, vamos a censar a los PST a trav\u00e9s de un proceso formativo y de sensibilizaci\u00f3n\u201d. Agreg\u00f3 que la meta es lograr un turismo sostenible en este reservorio natural.<\/p>\n<p style=\"text-align: justify;\">Por su parte, el gobernador de la entidad falconiana indic\u00f3 que durante este encuentro se escucharon propuestas que permiten fortalecer la labor de preservaci\u00f3n y uso del Parque Nacional, \u201cparticiparon los PST, marinas, lancheros, pescadores, guardaparques y dem\u00e1s instituciones involucradas\u201d. Asegur\u00f3 que todos los equipos de trabajo tienen la responsabilidad compartida de lograr un turismo en armon\u00eda con la naturaleza y al mismo tiempo una econom\u00eda social con la actividad tur\u00edstica y de recreaci\u00f3n sana para el disfrute de quienes lo visitan.<\/p>\n<p style=\"text-align: justify;\"><strong>Periodista:<\/strong> Aura Astudillo<\/p>\n<\/div>\n<p>&nbsp;<\/p>\n<p>[\/et_pb_text][\/et_pb_column][\/et_pb_row][et_pb_row column_structure=\u00bb1_3,1_3,1_3&#8243; _builder_version=\u00bb4.16&#8243; border_radii=\u00bbon|6px|6px|6px|6px\u00bb global_colors_info=\u00bb{}\u00bb][et_pb_column type=\u00bb1_3&#8243; _builder_version=\u00bb4.16&#8243; custom_padding=\u00bb|||\u00bb global_colors_info=\u00bb{}\u00bb custom_padding__hover=\u00bb|||\u00bb][et_pb_image src=\u00bbhttps:\/\/www.venetur.com\/wp-content\/uploads\/2026\/03\/Venezuela-y-Rusia-fortalecen-alianza-para-potenciar-el-turismo-binacional.jpg\u00bb title_text=\u00bbVenezuela y Rusia fortalecen alianza para potenciar el turismo binacional\u00bb url=\u00bbhttps:\/\/www.venetur.com\/index.php\/noticia-venezuela-y-rusia-fortalecen-alianza\/\u00bb force_fullwidth=\u00bbon\u00bb align_tablet=\u00bbcenter\u00bb align_phone=\u00bb\u00bb align_last_edited=\u00bbon|desktop\u00bb _builder_version=\u00bb4.27.5&#8243; height=\u00bb213px\u00bb global_colors_info=\u00bb{}\u00bb][\/et_pb_image][et_pb_text _builder_version=\u00bb4.27.5&#8243; text_font=\u00bb||||||||\u00bb text_font_size=\u00bb16px\u00bb text_line_height=\u00bb2em\u00bb header_font=\u00bb||||||||\u00bb header_2_font=\u00bb||||||||\u00bb header_3_font=\u00bbOpen Sans|600|||||||\u00bb header_3_line_height=\u00bb1.6em\u00bb custom_margin=\u00bb||||false|false\u00bb global_colors_info=\u00bb{}\u00bb]<\/p>\n<h3 style=\"min-height: 80px; display: flex; align-items: center; margin-bottom: 24px;\"><strong>Venezuela y Rusia fortalecen alianza para potenciar el turismo binacional<\/strong><\/h3>\n<p style=\"text-align: justify; min-height: 100px; margin-bottom: 0;\"><span>(Caracas, 04.03.2026 \/ Prensa Mintur).\u2013 Con el prop\u00f3sito de consolidar la cooperaci\u00f3n e intercambio de experiencias, este mi\u00e9rcoles 3 de marzo, la ministra de Turismo, Daniella Cabello, sostuvo un encuentro de trabajo con el embajador de la Federaci\u00f3n de Rusia en Venezuela, Sergey M\u00e9lik-Bagdas\u00e1rov. Durante la jornada, revisaron los avances en el crecimiento sostenido del turismo como eje dinamizador de las econom\u00edas de ambas naciones.<\/span><\/p>\n<div id=\"mas4\" style=\"display: none;\">\n<p style=\"text-align: justify;\">Las autoridades destacaron el \u00e9xito de la relaci\u00f3n comercial a trav\u00e9s de la conectividad a\u00e9rea y la promoci\u00f3n de Venezuela como un destino megadiverso para el viajero ruso. Asimismo, se evalu\u00f3 la implementaci\u00f3n de convenios de intercambio acad\u00e9mico y cultural, orientados a la especializaci\u00f3n del talento humano para elevar los est\u00e1ndares de calidad en el servicio tur\u00edstico.<\/p>\n<p style=\"text-align: justify;\">Cabello, enfatiz\u00f3 que \u201cVenezuela, es el pa\u00eds que el mundo quiere conocer\u201d. Esta sinergia con los gobierno del mundo va c\u00f3nsona con las pol\u00edticas que promueve la presidente (E) Delcy Rodriguez, para captar nuevas inversiones en el mercado nacional.<\/p>\n<p style=\"text-align: justify;\">Gracias al plan estrat\u00e9gico promovido por el Ministerio del Poder Popular para el Turismo, en el 2025, el pa\u00eds recibi\u00f3 a m\u00e1s de 6 mil visitantes procedentes de la Federaci\u00f3n de Rusia. Esta cifra evidencia el \u00e9xito de los convenios suscritos entre Venetur Rusia y las operadoras Hover Tour y Pegas Touristik. La iniciativa del Gobierno Nacional, posicionan a la naci\u00f3n caribe\u00f1a como un destino seguro, confiable y de oportunidades.<\/p>\n<p style=\"text-align: justify;\"><strong>Periodista:<\/strong> Gisselle Torres<\/p>\n<\/div>\n<p>&nbsp;<\/p>\n<p>[\/et_pb_text][\/et_pb_column][et_pb_column type=\u00bb1_3&#8243; _builder_version=\u00bb4.16&#8243; custom_padding=\u00bb|||\u00bb global_colors_info=\u00bb{}\u00bb custom_padding__hover=\u00bb|||\u00bb][et_pb_image src=\u00bbhttps:\/\/www.venetur.com\/wp-content\/uploads\/2026\/03\/venezolana-posiciona-su-producto-turistico.jpg\u00bb title_text=\u00bbvenezolana posiciona su producto tur\u00edstico\u00bb url=\u00bbhttps:\/\/www.venetur.com\/?page_id=13927&#038;et_fb=1&#038;PageSpeed=off\u00bb align_tablet=\u00bbcenter\u00bb align_phone=\u00bb\u00bb align_last_edited=\u00bbon|desktop\u00bb _builder_version=\u00bb4.27.5&#8243; global_colors_info=\u00bb{}\u00bb][\/et_pb_image][et_pb_text _builder_version=\u00bb4.27.5&#8243; text_font=\u00bb||||||||\u00bb text_font_size=\u00bb16px\u00bb text_line_height=\u00bb2em\u00bb header_font=\u00bb||||||||\u00bb header_2_font=\u00bb||||||||\u00bb header_3_font=\u00bbOpen Sans|600|||||||\u00bb header_3_line_height=\u00bb1.6em\u00bb custom_margin=\u00bb||||false|false\u00bb global_colors_info=\u00bb{}\u00bb]<\/p>\n<h3 style=\"min-height: 80px; display: flex; align-items: center; margin-bottom: 24px;\"><strong>Delegaci\u00f3n venezolana posiciona su producto tur\u00edstico en ITB Berl\u00edn 2026<\/strong><\/h3>\n<p style=\"text-align: justify; min-height: 100px; margin-bottom: 0;\"><span>Caracas, 04.03.2026 (Prensa Mintur).- Bajo el lema \u201cDescubra las historias detr\u00e1s de 60 a\u00f1os de legado\u201d, la Bolsa Internacional de Turismo (ITB) inici\u00f3 este martes 3, hasta el pr\u00f3ximo 5 de marzo, su sexag\u00e9sima edici\u00f3n. Este evento, considerado el mayor encuentro del sector a escala global, se desarrolla en el Messe Berlin, Alemania. Un total de 25 pabellones exhiben el producto de seis mil expositores de m\u00e1s de 160 pa\u00edses.<\/span><\/p>\n<div id=\"mas4\" style=\"display: none;\">\n<p style=\"text-align: justify;\">Las autoridades destacaron el \u00e9xito de la relaci\u00f3n comercial a trav\u00e9s de la conectividad a\u00e9rea y la promoci\u00f3n de Venezuela como un destino megadiverso para el viajero ruso. Asimismo, se evalu\u00f3 la implementaci\u00f3n de convenios de intercambio acad\u00e9mico y cultural, orientados a la especializaci\u00f3n del talento humano para elevar los est\u00e1ndares de calidad en el servicio tur\u00edstico.<\/p>\n<p style=\"text-align: justify;\">Cabello, enfatiz\u00f3 que \u201cVenezuela, es el pa\u00eds que el mundo quiere conocer\u201d. Esta sinergia con los gobierno del mundo va c\u00f3nsona con las pol\u00edticas que promueve la presidente (E) Delcy Rodriguez, para captar nuevas inversiones en el mercado nacional.<\/p>\n<p style=\"text-align: justify;\">Gracias al plan estrat\u00e9gico promovido por el Ministerio del Poder Popular para el Turismo, en el 2025, el pa\u00eds recibi\u00f3 a m\u00e1s de 6 mil visitantes procedentes de la Federaci\u00f3n de Rusia. Esta cifra evidencia el \u00e9xito de los convenios suscritos entre Venetur Rusia y las operadoras Hover Tour y Pegas Touristik. La iniciativa del Gobierno Nacional, posicionan a la naci\u00f3n caribe\u00f1a como un destino seguro, confiable y de oportunidades.<\/p>\n<p style=\"text-align: justify;\"><strong>Periodista:<\/strong> Gisselle Torres<\/p>\n<\/div>\n<p>&nbsp;<\/p>\n<p>[\/et_pb_text][\/et_pb_column][et_pb_column type=\u00bb1_3&#8243; _builder_version=\u00bb4.16&#8243; custom_padding=\u00bb|||\u00bb global_colors_info=\u00bb{}\u00bb custom_padding__hover=\u00bb|||\u00bb][et_pb_image src=\u00bbhttps:\/\/www.venetur.com\/wp-content\/uploads\/2026\/03\/mantenimiento-en-el-Teleferico-Mukumbari.jpg\u00bb title_text=\u00bbmantenimiento en el Telef\u00e9rico Mukumbar\u00ed\u00bb url=\u00bbhttps:\/\/www.venetur.com\/index.php\/noticia-avanza-segunda-fase-de-mantenimiento-en-el-teleferico-mukumbari\/\u00bb align_tablet=\u00bbcenter\u00bb align_phone=\u00bb\u00bb align_last_edited=\u00bbon|desktop\u00bb _builder_version=\u00bb4.27.5&#8243; global_colors_info=\u00bb{}\u00bb][\/et_pb_image][et_pb_text _builder_version=\u00bb4.27.5&#8243; text_font=\u00bb||||||||\u00bb text_font_size=\u00bb16px\u00bb text_line_height=\u00bb2em\u00bb header_font=\u00bb||||||||\u00bb header_2_font=\u00bb||||||||\u00bb header_3_font=\u00bbOpen Sans|600|||||||\u00bb header_3_line_height=\u00bb1.6em\u00bb custom_margin=\u00bb||||false|false\u00bb custom_padding=\u00bb||||false|false\u00bb global_colors_info=\u00bb{}\u00bb]<\/p>\n<h3 style=\"min-height: 80px; display: flex; align-items: center; margin-bottom: 15px;\"><strong>Avanza segunda fase de mantenimiento en el Telef\u00e9rico Mukumbar\u00ed<\/strong><\/h3>\n<p style=\"text-align: justify; min-height: 100px; margin-bottom: 0;\">\u200e<span>\u200eCaracas, 02.03.2026 (Prensa Mintur).\u2013 Con el objetivo de cumplir con los protocolos de seguridad y resguardo de la infraestructura tur\u00edstica nacional. Este 28 de febrero, un equipo especializado de Venezolana de Telef\u00e9ricos, inici\u00f3 los trabajos de revisi\u00f3n de vanguardia en el Sistema de Telef\u00e9ricos Mukumbar\u00ed, en el estado M\u00e9rida.<\/span><\/p>\n<div id=\"mas2\" style=\"display: none;\">\n<p style=\"text-align: justify;\">\u200eLa parada t\u00e9cnica, en su segunda fase busca la optimizaci\u00f3n de los componentes electromec\u00e1nicos con ajustes de 4to y 5to nivel que incluye el mantenimiento de motores, reductores y frenos, elementos cruciales para la circulaci\u00f3n eficiente de las cabinas. Esta etapa de prevenci\u00f3n permite alargar la vida \u00fatil de las maquinarias.<\/p>\n<p style=\"text-align: justify;\">\u200eEstas maniobras que ejecuta el Gobierno Nacional a trav\u00e9s de la gesti\u00f3n de la ministra de Turismo, Daniella Cabello se integran al plan de transformaci\u00f3n y cuidado de los activos tur\u00edsticos. De esta manera se garantiza seguridad, calidad y excelencia para el disfrute de propios y visitantes.<\/p>\n<p style=\"text-align: justify;\"><strong>Periodista:<\/strong> Gabriela Vivas<\/p>\n<\/div>\n<p>&nbsp;<\/p>\n<p>[\/et_pb_text][\/et_pb_column][\/et_pb_row][et_pb_row column_structure=\u00bb1_3,1_3,1_3&#8243; _builder_version=\u00bb4.16&#8243; border_radii=\u00bbon|6px|6px|6px|6px\u00bb global_colors_info=\u00bb{}\u00bb][et_pb_column type=\u00bb1_3&#8243; _builder_version=\u00bb4.16&#8243; custom_padding=\u00bb|||\u00bb global_colors_info=\u00bb{}\u00bb custom_padding__hover=\u00bb|||\u00bb][\/et_pb_column][et_pb_column type=\u00bb1_3&#8243; _builder_version=\u00bb4.16&#8243; custom_padding=\u00bb|||\u00bb global_colors_info=\u00bb{}\u00bb custom_padding__hover=\u00bb|||\u00bb][et_pb_image src=\u00bbhttps:\/\/www.venetur.com\/wp-content\/uploads\/2026\/03\/participacion-de-Venezuela-en-Anato-2026.jpg\u00bb title_text=\u00bbparticipaci\u00f3n de Venezuela en Anato 2026&#8243; url=\u00bbhttps:\/\/www.venetur.com\/?page_id=13939&#038;et_fb=1&#038;PageSpeed=off\u00bb align_tablet=\u00bbcenter\u00bb align_phone=\u00bb\u00bb align_last_edited=\u00bbon|desktop\u00bb _builder_version=\u00bb4.27.5&#8243; global_colors_info=\u00bb{}\u00bb][\/et_pb_image][et_pb_text _builder_version=\u00bb4.27.5&#8243; text_font=\u00bb||||||||\u00bb text_font_size=\u00bb16px\u00bb text_line_height=\u00bb2em\u00bb header_font=\u00bb||||||||\u00bb header_2_font=\u00bb||||||||\u00bb header_3_font=\u00bbOpen Sans|600|||||||\u00bb header_3_line_height=\u00bb1.6em\u00bb global_colors_info=\u00bb{}\u00bb]<\/p>\n<h3 style=\"min-height: 80px; display: flex; align-items: center; margin-bottom: 15px;\"><strong>Exitosa participaci\u00f3n de Venezuela en Anato 2026 asegura nuevas oportunidades de negocios<\/strong><\/h3>\n<p style=\"text-align: justify; min-height: 100px; margin-bottom: 0;\"><span>Caracas, 02.03.2026 (Prensa Mintur).- Como un rotundo \u00e9xito, calific\u00f3 la ministra del Poder Popular para el Turismo, Daniella Cabello, la Vitrina Tur\u00edstica Anato 2026, en Bogot\u00e1, Colombia. Una plataforma que consolida las ventajas competitivas y oportunidades de negocios del sector a escala internacional.<\/span><\/p>\n<div id=\"mas1\" style=\"display: none;\">\n<p style=\"text-align: justify;\">\u201cLa participaci\u00f3n de Venezuela mostr\u00f3 la riqueza de nuestras ra\u00edces abriendo las puertas para diversificar la inversi\u00f3n en el sector turismo, la conectividad, intercambios de promoci\u00f3n tur\u00edstica y el impulso del multidestino en la regi\u00f3n\u201d, afirm\u00f3 la ministra. Cabello celebr\u00f3 la integraci\u00f3n multicultural para generar alianzas e intercambios de cooperaci\u00f3n.<\/p>\n<p style=\"text-align: justify;\">Durante esta jornada se prioriz\u00f3 el turismo receptivo en destinos nacionales como la isla de Margarita, Canaima y Los Roques, los cuales ocupan las primeras opciones en el cat\u00e1logo de promoci\u00f3n, para incentivar la captaci\u00f3n de divisas. Este espacio tambi\u00e9n sirvi\u00f3 como escenario para proyectar los productos \u201cHecho en Venezuela\u201d; como el caf\u00e9, cacao y ron.<\/p>\n<p style=\"text-align: justify;\">La comitiva nacional celebr\u00f3 encuentros de alto nivel con representantes del turismo de Colombia y M\u00e9xico. Al mismo tiempo sostuvieron reuni\u00f3n con integrantes de las C\u00e1maras de Comercio de Bogot\u00e1, Arauca y la Goajira, a los fines de potenciar el desarrollo del corredor binacional Venezuela-Colombia.<\/p>\n<p style=\"text-align: justify;\">De esta manera, el Gobierno Nacional ratifica su disposici\u00f3n de establecer alianzas estrat\u00e9gicas que incrementen el flujo de visitantes y la inversi\u00f3n extranjera en el pa\u00eds.<\/p>\n<p style=\"text-align: justify;\"><strong>Periodista:<\/strong> Cristal Alzolay<\/p>\n<\/div>\n<p>&nbsp;<\/p>\n<p>[\/et_pb_text][\/et_pb_column][et_pb_column type=\u00bb1_3&#8243; _builder_version=\u00bb4.16&#8243; custom_padding=\u00bb|||\u00bb global_colors_info=\u00bb{}\u00bb custom_padding__hover=\u00bb|||\u00bb][\/et_pb_column][\/et_pb_row][\/et_pb_section][et_pb_section fb_built=\u00bb1&#8243; _builder_version=\u00bb4.27.5&#8243; _module_preset=\u00bbdefault\u00bb width=\u00bb100%\u00bb global_colors_info=\u00bb{}\u00bb][et_pb_row _builder_version=\u00bb4.16&#8243; _module_preset=\u00bbdefault\u00bb global_colors_info=\u00bb{}\u00bb][et_pb_column type=\u00bb4_4&#8243; _builder_version=\u00bb4.16&#8243; _module_preset=\u00bbdefault\u00bb global_colors_info=\u00bb{}\u00bb][et_pb_text _builder_version=\u00bb4.16&#8243; _module_preset=\u00bbcf9832d8-100b-4427-8ca9-a38b5db85fe7&#8243; header_6_font=\u00bbOswald|700||on|||||\u00bb header_6_font_size=\u00bb16px\u00bb header_6_line_height=\u00bb1.4em\u00bb transform_translate=\u00bb480px|0px\u00bb transform_translate_linked=\u00bboff\u00bb custom_margin=\u00bb||10px||false|false\u00bb header_6_font_size_tablet=\u00bb15px\u00bb header_6_font_size_phone=\u00bb14px\u00bb header_6_font_size_last_edited=\u00bbon|desktop\u00bb global_colors_info=\u00bb{}\u00bb]<\/p>\n<h6>redes sociales<\/h6>\n<p>[\/et_pb_text][et_pb_social_media_follow icon_color=\u00bbgcid-fb7185f0-febc-426c-87a9-b6e9798849ab\u00bb _builder_version=\u00bb4.27.5&#8243; _module_preset=\u00bbdefault\u00bb transform_translate=\u00bb480px|0px\u00bb transform_translate_linked=\u00bboff\u00bb custom_margin=\u00bb|||20px|false|false\u00bb global_colors_info=\u00bb{}\u00bb][et_pb_social_media_follow_network social_network=\u00bbfacebook\u00bb url=\u00bbhttps:\/\/www.facebook.com\/Minturismove\/\u00bb _builder_version=\u00bb4.27.5&#8243; _module_preset=\u00bbdefault\u00bb background_color=\u00bb#000000&#8243; background_enable_color=\u00bbon\u00bb global_colors_info=\u00bb{}\u00bb follow_button=\u00bboff\u00bb url_new_window=\u00bbon\u00bb]facebook[\/et_pb_social_media_follow_network][et_pb_social_media_follow_network social_network=\u00bbinstagram\u00bb url=\u00bbhttps:\/\/www.instagram.com\/minturismo_ve\/\u00bb _builder_version=\u00bb4.27.5&#8243; _module_preset=\u00bbdefault\u00bb background_color=\u00bb#000000&#8243; background_enable_color=\u00bbon\u00bb global_colors_info=\u00bb{}\u00bb follow_button=\u00bboff\u00bb url_new_window=\u00bbon\u00bb]instagram[\/et_pb_social_media_follow_network][\/et_pb_social_media_follow][\/et_pb_column][\/et_pb_row][\/et_pb_section]<\/p>\n","protected":false},"excerpt":{"rendered":"<p>Noticias Venetur al D\u00edaMargarita se mantiene como el destino ideal en Semana Santa\u00a0 \u00a0 \u00a0 \u00a0 \u00a0 \u00a0 \u00a0 \u00a0 \u00a0 \u00a0 \u00a0 \u00a0 \u00a0 \u00a0 \u00a0 \u00a0 \u00a0 \u00a0 [&hellip;]<\/p>\n","protected":false},"author":333,"featured_media":0,"comment_status":"open","ping_status":"closed","template":"","meta":{"_et_pb_use_builder":"on","_et_pb_old_content":"","_et_gb_content_width":"","inline_featured_image":false,"_price":"","_stock":"","_tribe_ticket_header":"","_tribe_default_ticket_provider":"","_tribe_ticket_capacity":"0","_ticket_start_date":"","_ticket_end_date":"","_tribe_ticket_show_description":"","_tribe_ticket_show_not_going":false,"_tribe_ticket_use_global_stock":"","_tribe_ticket_global_stock_level":"","_global_stock_mode":"","_global_stock_cap":"","_tribe_rsvp_for_event":"","_tribe_ticket_going_count":"","_tribe_ticket_not_going_count":"","_tribe_tickets_list":"[]","_tribe_ticket_has_attendee_info_fields":false,"_joinchat":[],"footnotes":""},"project_category":[],"project_tag":[],"class_list":["post-9029","project","type-project","status-publish","hentry"],"_links":{"self":[{"href":"https:\/\/www.venetur.com\/index.php\/wp-json\/wp\/v2\/project\/9029","targetHints":{"allow":["GET"]}}],"collection":[{"href":"https:\/\/www.venetur.com\/index.php\/wp-json\/wp\/v2\/project"}],"about":[{"href":"https:\/\/www.venetur.com\/index.php\/wp-json\/wp\/v2\/types\/project"}],"author":[{"embeddable":true,"href":"https:\/\/www.venetur.com\/index.php\/wp-json\/wp\/v2\/users\/333"}],"replies":[{"embeddable":true,"href":"https:\/\/www.venetur.com\/index.php\/wp-json\/wp\/v2\/comments?post=9029"}],"version-history":[{"count":137,"href":"https:\/\/www.venetur.com\/index.php\/wp-json\/wp\/v2\/project\/9029\/revisions"}],"predecessor-version":[{"id":14099,"href":"https:\/\/www.venetur.com\/index.php\/wp-json\/wp\/v2\/project\/9029\/revisions\/14099"}],"wp:attachment":[{"href":"https:\/\/www.venetur.com\/index.php\/wp-json\/wp\/v2\/media?parent=9029"}],"wp:term":[{"taxonomy":"project_category","embeddable":true,"href":"https:\/\/www.venetur.com\/index.php\/wp-json\/wp\/v2\/project_category?post=9029"},{"taxonomy":"project_tag","embeddable":true,"href":"https:\/\/www.venetur.com\/index.php\/wp-json\/wp\/v2\/project_tag?post=9029"}],"curies":[{"name":"wp","href":"https:\/\/api.w.org\/{rel}","templated":true}]}}