{"id":13939,"date":"2026-03-30T16:17:04","date_gmt":"2026-03-30T20:17:04","guid":{"rendered":"https:\/\/www.venetur.com\/?page_id=13939"},"modified":"2026-03-30T17:22:02","modified_gmt":"2026-03-30T21:22:02","slug":"noticia-anato-2026","status":"publish","type":"page","link":"https:\/\/www.venetur.com\/index.php\/noticia-anato-2026\/","title":{"rendered":"Noticia: Anato 2026"},"content":{"rendered":"<p>[et_pb_section fb_built=\u00bb1&#8243; admin_label=\u00bbHeader\u00bb _builder_version=\u00bb4.27.5&#8243; _module_preset=\u00bbdefault\u00bb use_background_color_gradient=\u00bbon\u00bb background_color_gradient_stops=\u00bbrgba(34,34,34,0) 0%|gcid-1f9b0bb3-481a-49f1-9fe6-999fc3c3182b 100%\u00bb background_color_gradient_overlays_image=\u00bbon\u00bb background_image=\u00bbhttps:\/\/www.venetur.com\/wp-content\/uploads\/2026\/03\/5055403402384313229.jpg\u00bb custom_padding=\u00bb90px||90px||true|false\u00bb locked=\u00bboff\u00bb collapsed=\u00bbon\u00bb global_colors_info=\u00bb{%22gcid-1f9b0bb3-481a-49f1-9fe6-999fc3c3182b%22:%91%22background_color_gradient_stops%22%93}\u00bb][et_pb_row _builder_version=\u00bb4.20.0&#8243; _module_preset=\u00bbdefault\u00bb global_colors_info=\u00bb{}\u00bb][et_pb_column type=\u00bb4_4&#8243; _builder_version=\u00bb4.20.0&#8243; _module_preset=\u00bbdefault\u00bb global_colors_info=\u00bb{}\u00bb][et_pb_text _builder_version=\u00bb4.20.0&#8243; _module_preset=\u00bba33b5007-2e03-4cc8-91fc-4115ad4c8f26&#8243; header_text_color=\u00bb#FFFFFF\u00bb text_orientation=\u00bbcenter\u00bb custom_margin=\u00bb||10px||false|false\u00bb global_colors_info=\u00bb{}\u00bb][\/et_pb_text][\/et_pb_column][\/et_pb_row][\/et_pb_section][et_pb_section fb_built=\u00bb1&#8243; admin_label=\u00bbServices\u00bb _builder_version=\u00bb4.27.5&#8243; _module_preset=\u00bbdefault\u00bb background_color=\u00bbRGBA(255,255,255,0)\u00bb min_height=\u00bb1301.2px\u00bb custom_margin=\u00bb||-63px|||\u00bb custom_padding=\u00bb0px||||false|false\u00bb collapsed=\u00bbon\u00bb global_colors_info=\u00bb{}\u00bb][et_pb_row custom_padding_last_edited=\u00bbon|phone\u00bb _builder_version=\u00bb4.27.5&#8243; _module_preset=\u00bbdefault\u00bb background_color=\u00bbgcid-86da69f8-ce43-4c42-8395-4abd58818e72&#8243; width=\u00bb73%\u00bb custom_margin=\u00bb-60px||||false|false\u00bb custom_padding=\u00bb60px|60px|60px|60px|true|true\u00bb custom_padding_tablet=\u00bb30px|30px|30px|30px|true|true\u00bb custom_padding_phone=\u00bb20px|20px|20px|20px|true|true\u00bb border_radii=\u00bbon|16px|16px|16px|16px\u00bb global_colors_info=\u00bb{%22gcid-86da69f8-ce43-4c42-8395-4abd58818e72%22:%91%22background_color%22%93}\u00bb][et_pb_column type=\u00bb4_4&#8243; _builder_version=\u00bb4.20.0&#8243; _module_preset=\u00bbdefault\u00bb global_colors_info=\u00bb{}\u00bb][et_pb_text _builder_version=\u00bb4.27.5&#8243; _module_preset=\u00bb91340e2b-a870-4e1c-b74d-9b8c47a361ea\u00bb custom_margin=\u00bb-30px||6px||false|false\u00bb custom_padding=\u00bb15px||17px||false|false\u00bb global_colors_info=\u00bb{}\u00bb]<\/p>\n<h4><strong data-entity-type=\"MessageEntityBold\">Exitosa participaci\u00f3n de Venezuela en Anato 2026 asegura nuevas oportunidades de negocios<\/strong><\/h4>\n<p>[\/et_pb_text][et_pb_image src=\u00bbhttps:\/\/www.venetur.com\/wp-content\/uploads\/2026\/03\/participacion-de-Venezuela-en-Anato-2026.jpg\u00bb title_text=\u00bbparticipaci\u00f3n de Venezuela en Anato 2026&#8243; _builder_version=\u00bb4.27.5&#8243; _module_preset=\u00bbdefault\u00bb width=\u00bb93%\u00bb module_alignment=\u00bbcenter\u00bb box_shadow_style=\u00bbpreset2&#8243; global_colors_info=\u00bb{}\u00bb][\/et_pb_image][et_pb_text _builder_version=\u00bb4.27.5&#8243; _module_preset=\u00bb0b36fe94-9250-4e7d-a80a-3c5ba7852df0&#8243; custom_margin=\u00bb0px||-2px||false|false\u00bb custom_padding=\u00bb35px||||false|false\u00bb global_colors_info=\u00bb{}\u00bb]<\/p>\n<p style=\"text-align: justify;\"><span>Caracas, 02.03.2026 (Prensa Mintur).- Como un rotundo \u00e9xito, calific\u00f3 la ministra del Poder Popular para el Turismo, Daniella Cabello, la Vitrina Tur\u00edstica Anato 2026, en Bogot\u00e1, Colombia. Una plataforma que consolida las ventajas competitivas y oportunidades de negocios del sector a escala internacional.<\/span><\/p>\n<p><span>\u201cLa participaci\u00f3n de Venezuela mostr\u00f3 la riqueza de nuestras ra\u00edces abriendo las puertas para diversificar la inversi\u00f3n en el sector turismo, la conectividad, intercambios de promoci\u00f3n tur\u00edstica y el impulso del multidestino en la regi\u00f3n\u201d, afirm\u00f3 la ministra. Cabello celebr\u00f3 la integraci\u00f3n multicultural para generar alianzas e intercambios de cooperaci\u00f3n.<\/span><\/p>\n<p><span>Durante esta jornada se prioriz\u00f3 el turismo receptivo en destinos nacionales como la isla de Margarita, Canaima y Los Roques, los cuales ocupan las primeras opciones en el cat\u00e1logo de promoci\u00f3n, para incentivar la captaci\u00f3n de divisas. Este espacio tambi\u00e9n sirvi\u00f3 como escenario para proyectar los productos \u201cHecho en Venezuela\u201d; como el caf\u00e9, cacao y ron.<\/span><\/p>\n<p><span>La comitiva nacional celebr\u00f3 encuentros de alto nivel con representantes del turismo de Colombia y M\u00e9xico. Al mismo tiempo sostuvieron reuni\u00f3n con integrantes de las C\u00e1maras de Comercio de Bogot\u00e1, Arauca y la Goajira, a los fines de potenciar el desarrollo del corredor binacional Venezuela-Colombia.<\/span><\/p>\n<p><span>De esta manera, el Gobierno Nacional ratifica su disposici\u00f3n de establecer alianzas estrat\u00e9gicas que incrementen el flujo de visitantes y la inversi\u00f3n extranjera en el pa\u00eds.<\/span><\/p>\n<p><span>\u00a0<\/span><br \/><span>Periodista: Crsital Alzolay<\/span><\/p>\n<p>[\/et_pb_text][\/et_pb_column][\/et_pb_row][\/et_pb_section]<\/p>\n","protected":false},"excerpt":{"rendered":"<p>Exitosa participaci\u00f3n de Venezuela en Anato 2026 asegura nuevas oportunidades de negociosCaracas, 02.03.2026 (Prensa Mintur).- Como un rotundo \u00e9xito, calific\u00f3 la ministra del Poder Popular para el Turismo, Daniella Cabello, [&hellip;]<\/p>\n","protected":false},"author":1,"featured_media":0,"parent":0,"menu_order":0,"comment_status":"closed","ping_status":"closed","template":"","meta":{"_et_pb_use_builder":"on","_et_pb_old_content":"","_et_gb_content_width":"","inline_featured_image":false,"_price":"","_stock":"","_tribe_ticket_header":"","_tribe_default_ticket_provider":"","_tribe_ticket_capacity":"0","_ticket_start_date":"","_ticket_end_date":"","_tribe_ticket_show_description":"","_tribe_ticket_show_not_going":false,"_tribe_ticket_use_global_stock":"","_tribe_ticket_global_stock_level":"","_global_stock_mode":"","_global_stock_cap":"","_tribe_rsvp_for_event":"","_tribe_ticket_going_count":"","_tribe_ticket_not_going_count":"","_tribe_tickets_list":"[]","_tribe_ticket_has_attendee_info_fields":false,"_joinchat":[],"footnotes":"","_tec_slr_enabled":"","_tec_slr_layout":""},"class_list":["post-13939","page","type-page","status-publish","hentry"],"ticketed":false,"_links":{"self":[{"href":"https:\/\/www.venetur.com\/index.php\/wp-json\/wp\/v2\/pages\/13939","targetHints":{"allow":["GET"]}}],"collection":[{"href":"https:\/\/www.venetur.com\/index.php\/wp-json\/wp\/v2\/pages"}],"about":[{"href":"https:\/\/www.venetur.com\/index.php\/wp-json\/wp\/v2\/types\/page"}],"author":[{"embeddable":true,"href":"https:\/\/www.venetur.com\/index.php\/wp-json\/wp\/v2\/users\/1"}],"replies":[{"embeddable":true,"href":"https:\/\/www.venetur.com\/index.php\/wp-json\/wp\/v2\/comments?post=13939"}],"version-history":[{"count":4,"href":"https:\/\/www.venetur.com\/index.php\/wp-json\/wp\/v2\/pages\/13939\/revisions"}],"predecessor-version":[{"id":13987,"href":"https:\/\/www.venetur.com\/index.php\/wp-json\/wp\/v2\/pages\/13939\/revisions\/13987"}],"wp:attachment":[{"href":"https:\/\/www.venetur.com\/index.php\/wp-json\/wp\/v2\/media?parent=13939"}],"curies":[{"name":"wp","href":"https:\/\/api.w.org\/{rel}","templated":true}]}}