{"id":13914,"date":"2026-03-30T16:04:38","date_gmt":"2026-03-30T20:04:38","guid":{"rendered":"https:\/\/www.venetur.com\/?page_id=13914"},"modified":"2026-03-30T16:06:50","modified_gmt":"2026-03-30T20:06:50","slug":"noticia-venezuela-y-rusia-fortalecen-alianza","status":"publish","type":"page","link":"https:\/\/www.venetur.com\/index.php\/noticia-venezuela-y-rusia-fortalecen-alianza\/","title":{"rendered":"Noticia Venezuela y Rusia fortalecen alianza"},"content":{"rendered":"<p>[et_pb_section fb_built=\u00bb1&#8243; admin_label=\u00bbHeader\u00bb _builder_version=\u00bb4.27.5&#8243; _module_preset=\u00bbdefault\u00bb use_background_color_gradient=\u00bbon\u00bb background_color_gradient_stops=\u00bbrgba(34,34,34,0) 0%|gcid-1f9b0bb3-481a-49f1-9fe6-999fc3c3182b 100%\u00bb background_color_gradient_overlays_image=\u00bbon\u00bb background_image=\u00bbhttps:\/\/www.venetur.com\/wp-content\/uploads\/2026\/03\/5055403402384313229.jpg\u00bb custom_padding=\u00bb90px||90px||true|false\u00bb locked=\u00bboff\u00bb collapsed=\u00bbon\u00bb global_colors_info=\u00bb{%22gcid-1f9b0bb3-481a-49f1-9fe6-999fc3c3182b%22:%91%22background_color_gradient_stops%22%93}\u00bb][et_pb_row _builder_version=\u00bb4.20.0&#8243; _module_preset=\u00bbdefault\u00bb global_colors_info=\u00bb{}\u00bb][et_pb_column type=\u00bb4_4&#8243; _builder_version=\u00bb4.20.0&#8243; _module_preset=\u00bbdefault\u00bb global_colors_info=\u00bb{}\u00bb][et_pb_text _builder_version=\u00bb4.20.0&#8243; _module_preset=\u00bba33b5007-2e03-4cc8-91fc-4115ad4c8f26&#8243; header_text_color=\u00bb#FFFFFF\u00bb text_orientation=\u00bbcenter\u00bb custom_margin=\u00bb||10px||false|false\u00bb global_colors_info=\u00bb{}\u00bb][\/et_pb_text][\/et_pb_column][\/et_pb_row][\/et_pb_section][et_pb_section fb_built=\u00bb1&#8243; admin_label=\u00bbServices\u00bb _builder_version=\u00bb4.27.5&#8243; _module_preset=\u00bbdefault\u00bb background_color=\u00bbRGBA(255,255,255,0)\u00bb min_height=\u00bb1301.2px\u00bb custom_margin=\u00bb||-63px|||\u00bb custom_padding=\u00bb0px||||false|false\u00bb collapsed=\u00bbon\u00bb global_colors_info=\u00bb{}\u00bb][et_pb_row custom_padding_last_edited=\u00bbon|phone\u00bb _builder_version=\u00bb4.27.5&#8243; _module_preset=\u00bbdefault\u00bb background_color=\u00bbgcid-86da69f8-ce43-4c42-8395-4abd58818e72&#8243; width=\u00bb73%\u00bb custom_margin=\u00bb-60px||||false|false\u00bb custom_padding=\u00bb60px|60px|60px|60px|true|true\u00bb custom_padding_tablet=\u00bb30px|30px|30px|30px|true|true\u00bb custom_padding_phone=\u00bb20px|20px|20px|20px|true|true\u00bb border_radii=\u00bbon|16px|16px|16px|16px\u00bb global_colors_info=\u00bb{%22gcid-86da69f8-ce43-4c42-8395-4abd58818e72%22:%91%22background_color%22%93}\u00bb][et_pb_column type=\u00bb4_4&#8243; _builder_version=\u00bb4.20.0&#8243; _module_preset=\u00bbdefault\u00bb global_colors_info=\u00bb{}\u00bb][et_pb_text _builder_version=\u00bb4.27.5&#8243; _module_preset=\u00bb91340e2b-a870-4e1c-b74d-9b8c47a361ea\u00bb custom_margin=\u00bb-30px||6px||false|false\u00bb custom_padding=\u00bb15px||17px||false|false\u00bb global_colors_info=\u00bb{}\u00bb]<\/p>\n<h4><strong>Venezuela y Rusia fortalecen alianza para potenciar el turismo binacional<\/strong><\/h4>\n<p>[\/et_pb_text][et_pb_image src=\u00bbhttps:\/\/www.venetur.com\/wp-content\/uploads\/2026\/03\/Venezuela-y-Rusia-fortalecen-alianza-para-potenciar-el-turismo-binacional.jpg\u00bb title_text=\u00bbVenezuela y Rusia fortalecen alianza para potenciar el turismo binacional\u00bb _builder_version=\u00bb4.27.5&#8243; _module_preset=\u00bbdefault\u00bb width=\u00bb93%\u00bb module_alignment=\u00bbcenter\u00bb hover_enabled=\u00bb0&#8243; box_shadow_style=\u00bbpreset2&#8243; global_colors_info=\u00bb{}\u00bb sticky_enabled=\u00bb0&#8243;][\/et_pb_image][et_pb_text _builder_version=\u00bb4.27.5&#8243; _module_preset=\u00bb0b36fe94-9250-4e7d-a80a-3c5ba7852df0&#8243; custom_margin=\u00bb0px||-2px||false|false\u00bb custom_padding=\u00bb35px||||false|false\u00bb hover_enabled=\u00bb0&#8243; global_colors_info=\u00bb{}\u00bb sticky_enabled=\u00bb0&#8243;]<\/p>\n<p style=\"text-align: justify;\"><span>(Caracas, 04.03.2026 \/ Prensa Mintur).\u2013 Con el prop\u00f3sito de consolidar la cooperaci\u00f3n e intercambio de experiencias, este mi\u00e9rcoles 3 de marzo, la ministra de Turismo, Daniella Cabello, sostuvo un encuentro de trabajo con el embajador de la Federaci\u00f3n de Rusia en Venezuela, Sergey M\u00e9lik-Bagdas\u00e1rov. Durante la jornada, revisaron los avances en el crecimiento sostenido del turismo como eje dinamizador de las econom\u00edas de ambas naciones.<\/span><br \/><span>\u00a0<\/span><br \/><span>Las autoridades destacaron el \u00e9xito de la relaci\u00f3n comercial a trav\u00e9s de la conectividad a\u00e9rea y la promoci\u00f3n de Venezuela como un destino megadiverso para el viajero ruso. Asimismo, se evalu\u00f3 la implementaci\u00f3n de convenios de intercambio acad\u00e9mico y cultural, orientados a la especializaci\u00f3n del talento humano para elevar los est\u00e1ndares de calidad en el servicio tur\u00edstico.<\/span><\/p>\n<p><span>Cabello, enfatiz\u00f3 que \u201cVenezuela, es el pa\u00eds que el mundo quiere conocer\u201d. Esta sinergia con los gobierno del mundo va c\u00f3nsona con las pol\u00edticas que promueve la presidente (E) Delcy Rodriguez, para captar nuevas inversiones en el mercado nacional.<\/span><\/p>\n<p><span>Gracias al plan estrat\u00e9gico promovido por el Ministerio del Poder Popular para el Turismo, en el 2025, el pa\u00eds recibi\u00f3 a m\u00e1s de 6 mil visitantes procedentes de la Federaci\u00f3n de Rusia. Esta cifra evidencia el \u00e9xito de los convenios suscritos entre Venetur Rusia y las operadoras Hover Tour y Pegas Touristik. La iniciativa del Gobierno Nacional, posicionan a la naci\u00f3n caribe\u00f1a como un destino seguro, confiable y de oportunidades. <\/span><\/p>\n<p><span>Periodista: Gisselle Torres<\/span><\/p>\n<p>[\/et_pb_text][\/et_pb_column][\/et_pb_row][\/et_pb_section]<\/p>\n","protected":false},"excerpt":{"rendered":"<p>Venezuela y Rusia fortalecen alianza para potenciar el turismo binacional(Caracas, 04.03.2026 \/ Prensa Mintur).\u2013 Con el prop\u00f3sito de consolidar la cooperaci\u00f3n e intercambio de experiencias, este mi\u00e9rcoles 3 de marzo, [&hellip;]<\/p>\n","protected":false},"author":1,"featured_media":0,"parent":0,"menu_order":0,"comment_status":"closed","ping_status":"closed","template":"","meta":{"_et_pb_use_builder":"on","_et_pb_old_content":"","_et_gb_content_width":"","inline_featured_image":false,"_price":"","_stock":"","_tribe_ticket_header":"","_tribe_default_ticket_provider":"","_tribe_ticket_capacity":"0","_ticket_start_date":"","_ticket_end_date":"","_tribe_ticket_show_description":"","_tribe_ticket_show_not_going":false,"_tribe_ticket_use_global_stock":"","_tribe_ticket_global_stock_level":"","_global_stock_mode":"","_global_stock_cap":"","_tribe_rsvp_for_event":"","_tribe_ticket_going_count":"","_tribe_ticket_not_going_count":"","_tribe_tickets_list":"[]","_tribe_ticket_has_attendee_info_fields":false,"_joinchat":[],"footnotes":"","_tec_slr_enabled":"","_tec_slr_layout":""},"class_list":["post-13914","page","type-page","status-publish","hentry"],"ticketed":false,"_links":{"self":[{"href":"https:\/\/www.venetur.com\/index.php\/wp-json\/wp\/v2\/pages\/13914","targetHints":{"allow":["GET"]}}],"collection":[{"href":"https:\/\/www.venetur.com\/index.php\/wp-json\/wp\/v2\/pages"}],"about":[{"href":"https:\/\/www.venetur.com\/index.php\/wp-json\/wp\/v2\/types\/page"}],"author":[{"embeddable":true,"href":"https:\/\/www.venetur.com\/index.php\/wp-json\/wp\/v2\/users\/1"}],"replies":[{"embeddable":true,"href":"https:\/\/www.venetur.com\/index.php\/wp-json\/wp\/v2\/comments?post=13914"}],"version-history":[{"count":6,"href":"https:\/\/www.venetur.com\/index.php\/wp-json\/wp\/v2\/pages\/13914\/revisions"}],"predecessor-version":[{"id":13926,"href":"https:\/\/www.venetur.com\/index.php\/wp-json\/wp\/v2\/pages\/13914\/revisions\/13926"}],"wp:attachment":[{"href":"https:\/\/www.venetur.com\/index.php\/wp-json\/wp\/v2\/media?parent=13914"}],"curies":[{"name":"wp","href":"https:\/\/api.w.org\/{rel}","templated":true}]}}