{"id":13830,"date":"2026-03-31T11:59:12","date_gmt":"2026-03-31T15:59:12","guid":{"rendered":"https:\/\/www.venetur.com\/?page_id=13830"},"modified":"2026-03-31T14:14:17","modified_gmt":"2026-03-31T18:14:17","slug":"noticia-29-03-26","status":"publish","type":"page","link":"https:\/\/www.venetur.com\/index.php\/noticia-29-03-26\/","title":{"rendered":"Noticia 29\/03\/26"},"content":{"rendered":"<p>[et_pb_section fb_built=\u00bb1&#8243; admin_label=\u00bbHeader\u00bb _builder_version=\u00bb4.27.5&#8243; _module_preset=\u00bbdefault\u00bb use_background_color_gradient=\u00bbon\u00bb background_color_gradient_stops=\u00bbrgba(34,34,34,0) 0%|gcid-1f9b0bb3-481a-49f1-9fe6-999fc3c3182b 100%\u00bb background_color_gradient_overlays_image=\u00bbon\u00bb background_image=\u00bbhttps:\/\/www.venetur.com\/wp-content\/uploads\/2026\/03\/5055403402384313229.jpg\u00bb custom_padding=\u00bb90px||90px||true|false\u00bb locked=\u00bboff\u00bb collapsed=\u00bbon\u00bb global_colors_info=\u00bb{%22gcid-1f9b0bb3-481a-49f1-9fe6-999fc3c3182b%22:%91%22background_color_gradient_stops%22%93}\u00bb][et_pb_row _builder_version=\u00bb4.20.0&#8243; _module_preset=\u00bbdefault\u00bb global_colors_info=\u00bb{}\u00bb][et_pb_column type=\u00bb4_4&#8243; _builder_version=\u00bb4.20.0&#8243; _module_preset=\u00bbdefault\u00bb global_colors_info=\u00bb{}\u00bb][et_pb_text _builder_version=\u00bb4.20.0&#8243; _module_preset=\u00bba33b5007-2e03-4cc8-91fc-4115ad4c8f26&#8243; header_text_color=\u00bb#FFFFFF\u00bb text_orientation=\u00bbcenter\u00bb custom_margin=\u00bb||10px||false|false\u00bb global_colors_info=\u00bb{}\u00bb][\/et_pb_text][\/et_pb_column][\/et_pb_row][\/et_pb_section][et_pb_section fb_built=\u00bb1&#8243; admin_label=\u00bbServices\u00bb _builder_version=\u00bb4.20.0&#8243; _module_preset=\u00bbdefault\u00bb background_color=\u00bbRGBA(255,255,255,0)\u00bb custom_padding=\u00bb0px||||false|false\u00bb collapsed=\u00bbon\u00bb global_colors_info=\u00bb{}\u00bb][et_pb_row custom_padding_last_edited=\u00bbon|phone\u00bb _builder_version=\u00bb4.27.5&#8243; _module_preset=\u00bbdefault\u00bb background_color=\u00bbgcid-86da69f8-ce43-4c42-8395-4abd58818e72&#8243; width=\u00bb73%\u00bb custom_margin=\u00bb-60px||||false|false\u00bb custom_padding=\u00bb60px|60px|60px|60px|true|true\u00bb custom_padding_tablet=\u00bb30px|30px|30px|30px|true|true\u00bb custom_padding_phone=\u00bb20px|20px|20px|20px|true|true\u00bb border_radii=\u00bbon|16px|16px|16px|16px\u00bb global_colors_info=\u00bb{%22gcid-86da69f8-ce43-4c42-8395-4abd58818e72%22:%91%22background_color%22%93}\u00bb][et_pb_column type=\u00bb4_4&#8243; _builder_version=\u00bb4.20.0&#8243; _module_preset=\u00bbdefault\u00bb global_colors_info=\u00bb{}\u00bb][et_pb_text _builder_version=\u00bb4.27.5&#8243; _module_preset=\u00bb91340e2b-a870-4e1c-b74d-9b8c47a361ea\u00bb custom_margin=\u00bb-28px||||false|false\u00bb custom_padding=\u00bb0px||15px||false|false\u00bb hover_enabled=\u00bb0&#8243; global_colors_info=\u00bb{}\u00bb content_last_edited=\u00bbon|phone\u00bb sticky_enabled=\u00bb0&#8243; content_phone=\u00bb<\/p>\n<h4><strong data-entity-type=%22MessageEntityBold%22>Ministra Daniella Cabello promueve turismo cultural en Carabobo, con el festival \u201cCiudad Mural\u201d<\/strong><\/h4>\n<p>\u00bb custom_margin_last_edited=\u00bbon|phone\u00bb custom_margin_phone=\u00bb0px||||false|false\u00bb content_tablet=\u00bb<\/p>\n<h1><strong data-entity-type=%22MessageEntityBold%22>Ministra Daniella Cabello promueve turismo cultural en Carabobo, con el festival \u201cCiudad Mural\u201d<\/strong><\/h1>\n<p>\u00bb custom_margin_tablet=\u00bb-28px||||false|false\u00bb]<\/p>\n<h1><strong data-entity-type=\"MessageEntityBold\">Ministra Daniella Cabello promueve turismo cultural en Carabobo, con el festival \u201cCiudad Mural\u201d<\/strong><\/h1>\n<p>[\/et_pb_text][et_pb_image src=\u00bbhttps:\/\/www.venetur.com\/wp-content\/uploads\/2026\/03\/Ministra-Daniella-Cabello-promueve-turismo-cultural-en-Carabobo-con-el-festival-Ciudad-Mural.jpg\u00bb title_text=\u00bbMinistra Daniella Cabello promueve turismo cultural en Carabobo, con el festival \u201cCiudad Mural\u201d\u00bb _builder_version=\u00bb4.27.5&#8243; _module_preset=\u00bbdefault\u00bb width=\u00bb93%\u00bb module_alignment=\u00bbcenter\u00bb box_shadow_style=\u00bbpreset2&#8243; global_colors_info=\u00bb{}\u00bb][\/et_pb_image][et_pb_text _builder_version=\u00bb4.27.5&#8243; _module_preset=\u00bb0b36fe94-9250-4e7d-a80a-3c5ba7852df0&#8243; custom_margin=\u00bb0px||-2px||false|false\u00bb custom_padding=\u00bb35px||||false|false\u00bb global_colors_info=\u00bb{}\u00bb]<\/p>\n<p style=\"text-align: justify;\">Caracas, 29.03.2026 (Prensa Mintur).\u2013 A prop\u00f3sito del 471\u00ba aniversario de la fundaci\u00f3n de la ciudad de Valencia, la ministra de Turismo, Daniella Cabello, asisti\u00f3 a la segunda edici\u00f3n del festival \u00abCiudad Mural\u00bb. Esta iniciativa transforma el centro hist\u00f3rico de la entidad en una galer\u00eda a cielo abierto para rescatar la identidad local y convetir el arte urbano en un potente motor para el desarrollo tur\u00edstico y econ\u00f3mico de la regi\u00f3n.<\/p>\n<p style=\"text-align: justify;\">\u200eDurante su visita, la Ministra destac\u00f3 que este proyecto no solo embellece las fachadas, sino que empodera a las comunidades, a trav\u00e9s de la creatividad. \u00abCiudad Mural es el renacer de nuestra historia; estos espacios invitan a las comunas a apropiarse de su patrimonio y muestran la cara creativa de una Venezuela que se consolida como referente del muralismo internacional\u00bb, afirm\u00f3.<\/p>\n<p style=\"text-align: justify;\">\u200eAtractivos para disfrutar<br \/>\u200e<br \/>\u200eLa jornada permiti\u00f3, el intercambio y acercamiento con artistas, con quien supervis\u00f3 los talleres de formaci\u00f3n en muralismo y fotograf\u00eda decolonial. Cabello tambi\u00e9n particip\u00f3 en actividades recreativas, que incluyeron danza, juegos tradicionales y visitas guiadas el casco central valenciano. <br \/>\u200e<br \/>\u200eCabello, quien estuvo acompa\u00f1ada de Dina Castillo, alcaldesa de Valencia y dem\u00e1s autoridades de Inatur Carabobo, disfrut\u00f3 de la ruta de fe, que incluye la capilla Colegio Betania, que resguarda la reliquia de primer grado de la Madre Santa Carmen Rendiles, iglesia San Francisco, Santuario de Jos\u00e9 Gregorio Hern\u00e1ndez y la Bas\u00edlica Catedral \u201cNuestra Se\u00f1ora del Socorro de Valencia\u201d, donde constat\u00f3 el valor arquitect\u00f3nico y la preparaci\u00f3n de estos recintos para recibir a los feligreses, destacando la importancia de preservar el patrimonio hist\u00f3rico-religioso de la naci\u00f3n.<\/p>\n<p style=\"text-align: justify;\">\u200eLa titular del turismo nacional hizo un llamado a la ciudadan\u00eda para el reencuentro en esta Semana Santa y cuidado de las bondades y atractivos recreativos del pa\u00eds. Al mismo tiempo garantiz\u00f3 plena seguridad y protecci\u00f3n a la familia venezolana, durante estos d\u00edas de asueto.<\/p>\n<p style=\"text-align: justify;\">\u200eCon estas acciones, el Gobierno Bolivariano reafirma su compromiso de posicionar a Venezuela como territorio multidestino, donde la paz es protagonistas del sano esparcimiento familiar.<\/p>\n<p>[\/et_pb_text][\/et_pb_column][\/et_pb_row][et_pb_row _builder_version=\u00bb4.27.5&#8243; _module_preset=\u00bbdefault\u00bb global_colors_info=\u00bb{}\u00bb][et_pb_column type=\u00bb4_4&#8243; _builder_version=\u00bb4.27.5&#8243; _module_preset=\u00bbdefault\u00bb global_colors_info=\u00bb{}\u00bb][et_pb_gallery gallery_ids=\u00bb14066&#8243; show_title_and_caption=\u00bboff\u00bb show_pagination=\u00bboff\u00bb _builder_version=\u00bb4.27.5&#8243; _module_preset=\u00bbdefault\u00bb global_colors_info=\u00bb{}\u00bb][\/et_pb_gallery][\/et_pb_column][\/et_pb_row][\/et_pb_section]<\/p>\n","protected":false},"excerpt":{"rendered":"<p>Ministra Daniella Cabello promueve turismo cultural en Carabobo, con el festival \u201cCiudad Mural\u201dCaracas, 29.03.2026 (Prensa Mintur).\u2013 A prop\u00f3sito del 471\u00ba aniversario de la fundaci\u00f3n de la ciudad de Valencia, la [&hellip;]<\/p>\n","protected":false},"author":1,"featured_media":0,"parent":0,"menu_order":0,"comment_status":"closed","ping_status":"closed","template":"","meta":{"_et_pb_use_builder":"on","_et_pb_old_content":"","_et_gb_content_width":"","inline_featured_image":false,"_price":"","_stock":"","_tribe_ticket_header":"","_tribe_default_ticket_provider":"","_tribe_ticket_capacity":"0","_ticket_start_date":"","_ticket_end_date":"","_tribe_ticket_show_description":"","_tribe_ticket_show_not_going":false,"_tribe_ticket_use_global_stock":"","_tribe_ticket_global_stock_level":"","_global_stock_mode":"","_global_stock_cap":"","_tribe_rsvp_for_event":"","_tribe_ticket_going_count":"","_tribe_ticket_not_going_count":"","_tribe_tickets_list":"[]","_tribe_ticket_has_attendee_info_fields":false,"_joinchat":[],"footnotes":"","_tec_slr_enabled":"","_tec_slr_layout":""},"class_list":["post-13830","page","type-page","status-publish","hentry"],"ticketed":false,"_links":{"self":[{"href":"https:\/\/www.venetur.com\/index.php\/wp-json\/wp\/v2\/pages\/13830","targetHints":{"allow":["GET"]}}],"collection":[{"href":"https:\/\/www.venetur.com\/index.php\/wp-json\/wp\/v2\/pages"}],"about":[{"href":"https:\/\/www.venetur.com\/index.php\/wp-json\/wp\/v2\/types\/page"}],"author":[{"embeddable":true,"href":"https:\/\/www.venetur.com\/index.php\/wp-json\/wp\/v2\/users\/1"}],"replies":[{"embeddable":true,"href":"https:\/\/www.venetur.com\/index.php\/wp-json\/wp\/v2\/comments?post=13830"}],"version-history":[{"count":4,"href":"https:\/\/www.venetur.com\/index.php\/wp-json\/wp\/v2\/pages\/13830\/revisions"}],"predecessor-version":[{"id":14098,"href":"https:\/\/www.venetur.com\/index.php\/wp-json\/wp\/v2\/pages\/13830\/revisions\/14098"}],"wp:attachment":[{"href":"https:\/\/www.venetur.com\/index.php\/wp-json\/wp\/v2\/media?parent=13830"}],"curies":[{"name":"wp","href":"https:\/\/api.w.org\/{rel}","templated":true}]}}